{"id":5438,"date":"2025-05-25T17:41:23","date_gmt":"2025-05-25T15:41:23","guid":{"rendered":"https:\/\/www.anne-sophie-mutter.de\/?page_id=5438"},"modified":"2025-10-15T17:25:43","modified_gmt":"2025-10-15T15:25:43","slug":"biography","status":"publish","type":"page","link":"https:\/\/www.anne-sophie-mutter.de\/en\/biography\/","title":{"rendered":"BIOGRAPHY"},"content":{"rendered":"<p>[et_pb_section fb_built=&#8221;1&#8243; fullwidth=&#8221;on&#8221; _builder_version=&#8221;4.27.4&#8243; _module_preset=&#8221;default&#8221; custom_margin=&#8221;0px||0px||false|false&#8221; custom_padding=&#8221;0px||0px||false|false&#8221; global_colors_info=&#8221;{}&#8221;][et_pb_fullwidth_image src=&#8221;https:\/\/www.anne-sophie-mutter.de\/wp-content\/uploads\/2025\/08\/Biography_ENG.jpg&#8221; title_text=&#8221;Biografie_ENG_mob&#8221; src_tablet=&#8221;https:\/\/www.anne-sophie-mutter.de\/wp-content\/uploads\/2025\/08\/Biography_ENG.jpg&#8221; src_phone=&#8221;https:\/\/www.anne-sophie-mutter.de\/wp-content\/uploads\/2025\/09\/Biografie_ENG_mob.jpg&#8221; src_last_edited=&#8221;on|phone&#8221; _builder_version=&#8221;4.27.4&#8243; _module_preset=&#8221;default&#8221; global_colors_info=&#8221;{}&#8221;][\/et_pb_fullwidth_image][\/et_pb_section][et_pb_section fb_built=&#8221;1&#8243; admin_label=&#8221;Biografie&#8221; _builder_version=&#8221;4.27.4&#8243; _module_preset=&#8221;default&#8221; background_image=&#8221;https:\/\/www.anne-sophie-mutter.de\/wp-content\/uploads\/2025\/08\/farbflache_bio_3_eng.jpg&#8221; parallax=&#8221;on&#8221; custom_margin=&#8221;100px||0px||false|false&#8221; custom_padding=&#8221;100px||100px||false|false&#8221; locked=&#8221;off&#8221; global_colors_info=&#8221;{}&#8221;][et_pb_row column_structure=&#8221;1_3,2_3&#8243; use_custom_gutter=&#8221;on&#8221; make_equal=&#8221;on&#8221; _builder_version=&#8221;4.27.4&#8243; _module_preset=&#8221;default&#8221; custom_margin=&#8221;0px||40px||false|false&#8221; custom_padding=&#8221;0px||0px||false|false&#8221; global_colors_info=&#8221;{}&#8221;][et_pb_column type=&#8221;1_3&#8243; _builder_version=&#8221;4.27.4&#8243; _module_preset=&#8221;default&#8221; global_colors_info=&#8221;{}&#8221;][et_pb_image src=&#8221;https:\/\/www.anne-sophie-mutter.de\/wp-content\/uploads\/2025\/05\/asm_1_900x600.jpg&#8221; alt=&#8221;Anne-Sophie Mutter&#8221; title_text=&#8221;Anne-Sophie Mutter&#8221; _builder_version=&#8221;4.27.4&#8243; _module_preset=&#8221;default&#8221; global_colors_info=&#8221;{}&#8221;][\/et_pb_image][\/et_pb_column][et_pb_column type=&#8221;2_3&#8243; _builder_version=&#8221;4.27.4&#8243; _module_preset=&#8221;default&#8221; background_color=&#8221;#FFFFFF&#8221; global_colors_info=&#8221;{}&#8221;][et_pb_text _builder_version=&#8221;4.27.4&#8243; _module_preset=&#8221;default&#8221; text_line_height=&#8221;1.5em&#8221; header_2_font=&#8221;Open Sans|700|||||||&#8221; header_2_text_color=&#8221;#d86ca6&#8243; header_5_font=&#8221;Open Sans|600|||||||&#8221; header_5_text_color=&#8221;#005c8c&#8221; header_5_font_size=&#8221;18px&#8221; background_color=&#8221;RGBA(255,255,255,0)&#8221; custom_margin=&#8221;0px|0px|0px|0px|false|false&#8221; custom_padding=&#8221;10px|20px|10px|20px|false|false&#8221; global_colors_info=&#8221;{}&#8221;]<\/p>\n<p><b>A life dedicated to music<\/b><\/p>\n<h2><a title=\"Biographical Overview\" href=\"https:\/\/www.anne-sophie-mutter.de\/en\/biographical-overview\/\">Biographical Overview<\/a><\/h2>\n<p>Anne-Sophie Mutter is a musical phenomenon: for nearly five decades the virtuoso has now been a fixture in all the world\u2019s major concert halls, making her mark on the classical music scene as a soloist, mentor and visionary. The four-time Grammy\u00ae Award winner is equally committed to the performance of traditional composers as to the future of music.<\/p>\n<p>[\/et_pb_text][et_pb_button button_url=&#8221;\/en\/biographical-overview\/&#8221; button_text=&#8221;Learn more&#8221; button_alignment=&#8221;left&#8221; _builder_version=&#8221;4.27.4&#8243; _module_preset=&#8221;default&#8221; custom_button=&#8221;on&#8221; button_text_size=&#8221;16px&#8221; button_text_color=&#8221;#d86ca6&#8243; button_border_width=&#8221;2px&#8221; button_border_color=&#8221;#d86ca6&#8243; button_border_radius=&#8221;0px&#8221; button_icon=&#8221;&#x24;||divi||400&#8243; button_icon_color=&#8221;#d86ca6&#8243; custom_margin=&#8221;5px|20px||20px|false|false&#8221; global_colors_info=&#8221;{}&#8221;][\/et_pb_button][\/et_pb_column][\/et_pb_row][et_pb_row column_structure=&#8221;2_3,1_3&#8243; make_equal=&#8221;on&#8221; _builder_version=&#8221;4.27.4&#8243; _module_preset=&#8221;default&#8221; custom_margin=&#8221;0px||40px||false|false&#8221; custom_padding=&#8221;0px|0px|0px|0px|false|false&#8221; global_colors_info=&#8221;{}&#8221;][et_pb_column type=&#8221;2_3&#8243; _builder_version=&#8221;4.27.4&#8243; _module_preset=&#8221;default&#8221; background_color=&#8221;#FFFFFF&#8221; global_colors_info=&#8221;{}&#8221;][et_pb_text _builder_version=&#8221;4.27.4&#8243; _module_preset=&#8221;default&#8221; text_line_height=&#8221;1.5em&#8221; header_2_font=&#8221;Open Sans|700|||||||&#8221; header_2_text_color=&#8221;#d86ca6&#8243; header_5_font=&#8221;Open Sans|600|||||||&#8221; header_5_text_color=&#8221;#005c8c&#8221; header_5_font_size=&#8221;18px&#8221; background_color=&#8221;RGBA(255,255,255,0)&#8221; custom_margin=&#8221;0px|0px|0px|0px|false|false&#8221; custom_padding=&#8221;10px|20px|10px|20px|false|false&#8221; global_colors_info=&#8221;{}&#8221;]<\/p>\n<p><b>Contemporary Compositions for Violin<br \/><\/b><b><\/b><\/p>\n<h2><a title=\"World Premieres\" href=\"https:\/\/www.anne-sophie-mutter.de\/en\/world-premieres\/\">World Premieres<\/a><\/h2>\n<p>The artist takes special pride in performing contemporary compositions for violin. Thomas Ad\u00e8s, Unsuk Chin, Sebastian Currier, Aftab Darvishi, Henri Dutilleux, Sofia Gubaidulina, Witold Lutoslawski, Norbert Moret, Krzysztof Penderecki, Sir Andr\u00e9 Previn, Wolfgang Rihm, J\u00f6rg Widmann and John Williams have all dedicated works to her.<\/p>\n<p>[\/et_pb_text][et_pb_button button_url=&#8221;\/en\/world-premieres\/&#8221; button_text=&#8221;Learn more&#8221; button_alignment=&#8221;left&#8221; _builder_version=&#8221;4.27.4&#8243; _module_preset=&#8221;default&#8221; custom_button=&#8221;on&#8221; button_text_size=&#8221;16px&#8221; button_text_color=&#8221;#d86ca6&#8243; button_border_width=&#8221;2px&#8221; button_border_color=&#8221;#d86ca6&#8243; button_border_radius=&#8221;0px&#8221; button_icon=&#8221;&#x24;||divi||400&#8243; button_icon_color=&#8221;#d86ca6&#8243; custom_margin=&#8221;5px|20px||20px|false|false&#8221; global_colors_info=&#8221;{}&#8221;][\/et_pb_button][\/et_pb_column][et_pb_column type=&#8221;1_3&#8243; _builder_version=&#8221;4.27.4&#8243; _module_preset=&#8221;default&#8221; background_color=&#8221;RGBA(255,255,255,0)&#8221; global_colors_info=&#8221;{}&#8221;][et_pb_image src=&#8221;https:\/\/www.anne-sophie-mutter.de\/wp-content\/uploads\/2025\/05\/asm_urauffhrungen_900x600.jpg&#8221; alt=&#8221;Urauff\u00fchrungen&#8221; title_text=&#8221;Urauff\u00fchrungen&#8221; force_fullwidth=&#8221;on&#8221; _builder_version=&#8221;4.27.4&#8243; _module_preset=&#8221;default&#8221; global_colors_info=&#8221;{}&#8221;][\/et_pb_image][\/et_pb_column][\/et_pb_row][et_pb_row column_structure=&#8221;1_3,2_3&#8243; use_custom_gutter=&#8221;on&#8221; make_equal=&#8221;on&#8221; _builder_version=&#8221;4.27.4&#8243; _module_preset=&#8221;default&#8221; custom_margin=&#8221;0px||100px||false|false&#8221; custom_padding=&#8221;0px||0px||false|false&#8221; global_colors_info=&#8221;{}&#8221;][et_pb_column type=&#8221;1_3&#8243; _builder_version=&#8221;4.27.4&#8243; _module_preset=&#8221;default&#8221; global_colors_info=&#8221;{}&#8221;][et_pb_image src=&#8221;https:\/\/www.anne-sophie-mutter.de\/wp-content\/uploads\/2025\/05\/asm_auszeichnung_900x600.jpg&#8221; alt=&#8221;Auszeichnungen&#8221; title_text=&#8221;Auszeichnungen&#8221; force_fullwidth=&#8221;on&#8221; _builder_version=&#8221;4.27.4&#8243; _module_preset=&#8221;default&#8221; global_colors_info=&#8221;{}&#8221;][\/et_pb_image][\/et_pb_column][et_pb_column type=&#8221;2_3&#8243; _builder_version=&#8221;4.27.4&#8243; _module_preset=&#8221;default&#8221; background_color=&#8221;#FFFFFF&#8221; global_colors_info=&#8221;{}&#8221;][et_pb_text _builder_version=&#8221;4.27.4&#8243; _module_preset=&#8221;default&#8221; text_line_height=&#8221;1.5em&#8221; header_2_font=&#8221;Open Sans|700|||||||&#8221; header_2_text_color=&#8221;#d86ca6&#8243; header_5_font=&#8221;Open Sans|600|||||||&#8221; header_5_text_color=&#8221;#005c8c&#8221; header_5_font_size=&#8221;18px&#8221; background_color=&#8221;RGBA(255,255,255,0)&#8221; custom_margin=&#8221;0px|0px|0px|0px|false|false&#8221; custom_padding=&#8221;10px|20px|10px|20px|false|false&#8221; global_colors_info=&#8221;{}&#8221;]<\/p>\n<p><b>Honored worldwide<\/b><b><\/b><\/p>\n<h2><a title=\"Honours\" href=\"https:\/\/www.anne-sophie-mutter.de\/en\/honours\/\">Honours<\/a><\/h2>\n<p>Anne-Sophie Mutter has received numerous honors for her musical achievements, including honorary doctorates from the Academy of Music in Krakow (2022) and the Technical University of Trondheim (2010). Keble College, Oxford, appointed her an Honorary Fellow in 2015. She was awarded the prestigious Ernst von Siemens Music Prize in 2008.<\/p>\n<p>[\/et_pb_text][et_pb_button button_url=&#8221;\/en\/honours\/&#8221; button_text=&#8221;Learn more&#8221; button_alignment=&#8221;left&#8221; _builder_version=&#8221;4.27.4&#8243; _module_preset=&#8221;default&#8221; custom_button=&#8221;on&#8221; button_text_size=&#8221;16px&#8221; button_text_color=&#8221;#d86ca6&#8243; button_border_width=&#8221;2px&#8221; button_border_color=&#8221;#d86ca6&#8243; button_border_radius=&#8221;0px&#8221; button_icon=&#8221;&#x24;||divi||400&#8243; button_icon_color=&#8221;#d86ca6&#8243; custom_margin=&#8221;5px|20px||20px|false|false&#8221; global_colors_info=&#8221;{}&#8221;][\/et_pb_button][\/et_pb_column][\/et_pb_row][\/et_pb_section][et_pb_section fb_built=&#8221;1&#8243; fullwidth=&#8221;on&#8221; _builder_version=&#8221;4.27.4&#8243; _module_preset=&#8221;default&#8221; background_image=&#8221;https:\/\/www.anne-sophie-mutter.de\/wp-content\/uploads\/2025\/05\/trenner.jpg&#8221; parallax=&#8221;on&#8221; height=&#8221;500px&#8221; global_colors_info=&#8221;{}&#8221;][et_pb_fullwidth_slider _builder_version=&#8221;4.27.4&#8243; _module_preset=&#8221;default&#8221; background_enable_image=&#8221;off&#8221; global_colors_info=&#8221;{}&#8221;][\/et_pb_fullwidth_slider][\/et_pb_section][et_pb_section fb_built=&#8221;1&#8243; admin_label=&#8221;Biografie&#8221; _builder_version=&#8221;4.27.4&#8243; _module_preset=&#8221;default&#8221; background_color=&#8221;#FFFFFF&#8221; background_enable_image=&#8221;off&#8221; custom_margin=&#8221;100px||0px||false|false&#8221; custom_padding=&#8221;100px||100px||false|false&#8221; locked=&#8221;off&#8221; global_colors_info=&#8221;{}&#8221;][et_pb_row column_structure=&#8221;2_3,1_3&#8243; _builder_version=&#8221;4.27.4&#8243; _module_preset=&#8221;default&#8221; min_height=&#8221;269px&#8221; custom_margin=&#8221;0px||40px||false|false&#8221; custom_padding=&#8221;0px||0px||false|false&#8221; global_colors_info=&#8221;{}&#8221;][et_pb_column type=&#8221;2_3&#8243; _builder_version=&#8221;4.27.4&#8243; _module_preset=&#8221;default&#8221; global_colors_info=&#8221;{}&#8221;][et_pb_text _builder_version=&#8221;4.27.4&#8243; _module_preset=&#8221;default&#8221; text_line_height=&#8221;1.5em&#8221; header_2_font=&#8221;Open Sans|700|||||||&#8221; header_2_text_color=&#8221;#d86ca6&#8243; header_5_font=&#8221;Open Sans|600|||||||&#8221; header_5_text_color=&#8221;#005c8c&#8221; header_5_font_size=&#8221;18px&#8221; background_color=&#8221;RGBA(255,255,255,0)&#8221; custom_margin=&#8221;0px|0px|0px|0px|false|false&#8221; custom_padding=&#8221;10px|20px|10px|20px|false|false&#8221; global_colors_info=&#8221;{}&#8221;]<\/p>\n<p><strong>Art for a good cause<\/strong><\/p>\n<h2><a title=\"Benefit Concerts\" href=\"https:\/\/www.anne-sophie-mutter.de\/en\/benefit-concerts\/\">Benefit Concerts<\/a><\/h2>\n<p>The public attention, which is brought to her as an artist, is for Anne-Sophie Mutter also an obligation to point to and to alleviate the medical and social problems of our times &#8211; and to give regular benefit concerts to this end.<\/p>\n<p>[\/et_pb_text][et_pb_button button_url=&#8221;\/en\/benefit-concerts\/&#8221; button_text=&#8221;Learn more&#8221; button_alignment=&#8221;left&#8221; _builder_version=&#8221;4.27.4&#8243; _module_preset=&#8221;default&#8221; custom_button=&#8221;on&#8221; button_text_size=&#8221;16px&#8221; button_text_color=&#8221;#d86ca6&#8243; button_border_width=&#8221;2px&#8221; button_border_color=&#8221;#d86ca6&#8243; button_border_radius=&#8221;0px&#8221; button_icon=&#8221;&#x24;||divi||400&#8243; button_icon_color=&#8221;#d86ca6&#8243; custom_margin=&#8221;5px|20px||20px|false|false&#8221; global_colors_info=&#8221;{}&#8221;][\/et_pb_button][\/et_pb_column][et_pb_column type=&#8221;1_3&#8243; _builder_version=&#8221;4.27.4&#8243; _module_preset=&#8221;default&#8221; global_colors_info=&#8221;{}&#8221;][et_pb_image src=&#8221;https:\/\/www.anne-sophie-mutter.de\/wp-content\/uploads\/2025\/05\/asm_karitativ_900x600.jpg&#8221; alt=&#8221;Benefizkonzerte&#8221; title_text=&#8221;Benefizkonzerte&#8221; _builder_version=&#8221;4.27.4&#8243; _module_preset=&#8221;default&#8221; global_colors_info=&#8221;{}&#8221;][\/et_pb_image][\/et_pb_column][\/et_pb_row][\/et_pb_section]<\/p>\n","protected":false},"excerpt":{"rendered":"<p>A life dedicated to music Biographical Overview Anne-Sophie Mutter is a musical phenomenon: for nearly five decades the virtuoso has now been a fixture in all the world\u2019s major concert [&hellip;]<\/p>\n","protected":false},"author":2,"featured_media":0,"parent":0,"menu_order":0,"comment_status":"closed","ping_status":"closed","template":"","meta":{"_acf_changed":false,"_et_pb_use_builder":"on","_et_pb_old_content":"<p>[et_pb_section fb_built=\"1\" fullwidth=\"on\" _builder_version=\"4.27.4\" _module_preset=\"default\" custom_margin=\"0px||0px||false|false\" custom_padding=\"0px||0px||false|false\" global_colors_info=\"{}\"][et_pb_fullwidth_image src=\"https:\/\/www.anne-sophie-mutter.de\/wp-content\/uploads\/2025\/05\/Biografie_D-3.jpg\" _builder_version=\"4.27.4\" _module_preset=\"default\" global_colors_info=\"{}\"][\/et_pb_fullwidth_image][\/et_pb_section][et_pb_section fb_built=\"1\" admin_label=\"Biografie\" _builder_version=\"4.27.4\" _module_preset=\"default\" background_image=\"https:\/\/www.anne-sophie-mutter.de\/wp-content\/uploads\/2025\/05\/farbflaeche_bio_3-3.jpg\" parallax=\"on\" custom_margin=\"100px||0px||false|false\" custom_padding=\"100px||100px||false|false\" locked=\"off\" global_colors_info=\"{}\"][et_pb_row column_structure=\"1_3,2_3\" use_custom_gutter=\"on\" make_equal=\"on\" _builder_version=\"4.27.4\" _module_preset=\"default\" custom_margin=\"0px||40px||false|false\" custom_padding=\"0px||0px||false|false\" global_colors_info=\"{}\"][et_pb_column type=\"1_3\" _builder_version=\"4.27.4\" _module_preset=\"default\" global_colors_info=\"{}\"][et_pb_image src=\"https:\/\/www.anne-sophie-mutter.de\/wp-content\/uploads\/2025\/05\/asm_1_900x600.jpg\" alt=\"Anne-Sophie Mutter\" title_text=\"Anne-Sophie Mutter\" _builder_version=\"4.27.4\" _module_preset=\"default\" global_colors_info=\"{}\"][\/et_pb_image][\/et_pb_column][et_pb_column type=\"2_3\" _builder_version=\"4.27.4\" _module_preset=\"default\" background_color=\"#FFFFFF\" global_colors_info=\"{}\"][et_pb_text _builder_version=\"4.27.4\" _module_preset=\"default\" text_line_height=\"1.5em\" header_2_font=\"Open Sans|700|||||||\" header_2_text_color=\"#d86ca6\" header_5_font=\"Open Sans|600|||||||\" header_5_text_color=\"#005c8c\" header_5_font_size=\"18px\" background_color=\"RGBA(255,255,255,0)\" custom_margin=\"0px|0px|0px|0px|false|false\" custom_padding=\"10px|20px|10px|20px|false|false\" global_colors_info=\"{}\"]<\/p><p><b>Ein Leben f\u00fcr die Musik<\/b><\/p><h2><a title=\"Biografie \u00dcberblick\" href=\"\/biografischer-ueberblick\/\">Biografie \u00dcberblick<\/a><\/h2><p>Anne-Sophie Mutter ist ein musikalisches Ph\u00e4nomen: Seit knapp f\u00fcnf Jahrzehnten konzertiert die Virtuosin weltweit in allen bedeutenden Musikzentren und pr\u00e4gt die Klassikszene als Solistin, Mentorin und Vision\u00e4rin. Dabei ist die viermalige Grammy\u00ae Award Gewinnerin der Auff\u00fchrung traditioneller Kompositionen genauso verpflichtet wie der Zukunft der Musik.<\/p><p>[\/et_pb_text][et_pb_button button_url=\"\/biografischer-ueberblick\/\" button_text=\"Mehr erfahren\" button_alignment=\"left\" _builder_version=\"4.27.4\" _module_preset=\"default\" custom_button=\"on\" button_text_size=\"16px\" button_text_color=\"#d86ca6\" button_border_width=\"2px\" button_border_color=\"#d86ca6\" button_border_radius=\"0px\" button_icon=\"$||divi||400\" button_icon_color=\"#d86ca6\" custom_margin=\"5px|20px||20px|false|false\" global_colors_info=\"{}\"][\/et_pb_button][\/et_pb_column][\/et_pb_row][et_pb_row column_structure=\"2_3,1_3\" make_equal=\"on\" _builder_version=\"4.27.4\" _module_preset=\"default\" custom_margin=\"0px||40px||false|false\" custom_padding=\"0px|0px|0px|0px|false|false\" global_colors_info=\"{}\"][et_pb_column type=\"2_3\" _builder_version=\"4.27.4\" _module_preset=\"default\" background_color=\"#FFFFFF\" global_colors_info=\"{}\"][et_pb_text _builder_version=\"4.27.4\" _module_preset=\"default\" text_line_height=\"1.5em\" header_2_font=\"Open Sans|700|||||||\" header_2_text_color=\"#d86ca6\" header_5_font=\"Open Sans|600|||||||\" header_5_text_color=\"#005c8c\" header_5_font_size=\"18px\" background_color=\"RGBA(255,255,255,0)\" custom_margin=\"0px|0px|0px|0px|false|false\" custom_padding=\"10px|20px|10px|20px|false|false\" global_colors_info=\"{}\"]<\/p><p><b>Zeitgen\u00f6ssische Klangwelten<\/b><\/p><h2><a title=\"Uraufff\u00fchrungen\" href=\"\/urauffuehrungen\/\">Urauff\u00fchrungen<\/a><\/h2><p>Anne-Sophie Mutter ist ein musikalisches Ph\u00e4nomen: Seit knapp f\u00fcnf Jahrzehnten konzertiert die Virtuosin weltweit in allen bedeutenden Musikzentren und pr\u00e4gt die Klassikszene als Solistin, Mentorin und Vision\u00e4rin. Dabei ist die viermalige Grammy\u00ae Award Gewinnerin der Auff\u00fchrung traditioneller Kompositionen genauso verpflichtet wie der Zukunft der Musik.<\/p><p>[\/et_pb_text][et_pb_button button_url=\"\/urauffuehrungen\/\" button_text=\"Mehr erfahren\" button_alignment=\"left\" _builder_version=\"4.27.4\" _module_preset=\"default\" custom_button=\"on\" button_text_size=\"16px\" button_text_color=\"#d86ca6\" button_border_width=\"2px\" button_border_color=\"#d86ca6\" button_border_radius=\"0px\" button_icon=\"$||divi||400\" button_icon_color=\"#d86ca6\" custom_margin=\"5px|20px||20px|false|false\" global_colors_info=\"{}\"][\/et_pb_button][\/et_pb_column][et_pb_column type=\"1_3\" _builder_version=\"4.27.4\" _module_preset=\"default\" background_color=\"RGBA(255,255,255,0)\" global_colors_info=\"{}\"][et_pb_image src=\"https:\/\/www.anne-sophie-mutter.de\/wp-content\/uploads\/2025\/05\/asm_urauffhrungen_900x600.jpg\" alt=\"Urauff\u00fchrungen\" title_text=\"Urauff\u00fchrungen\" force_fullwidth=\"on\" _builder_version=\"4.27.4\" _module_preset=\"default\" global_colors_info=\"{}\"][\/et_pb_image][\/et_pb_column][\/et_pb_row][et_pb_row column_structure=\"1_3,2_3\" use_custom_gutter=\"on\" make_equal=\"on\" _builder_version=\"4.27.4\" _module_preset=\"default\" custom_margin=\"0px||100px||false|false\" custom_padding=\"0px||0px||false|false\" global_colors_info=\"{}\"][et_pb_column type=\"1_3\" _builder_version=\"4.27.4\" _module_preset=\"default\" global_colors_info=\"{}\"][et_pb_image src=\"https:\/\/www.anne-sophie-mutter.de\/wp-content\/uploads\/2025\/05\/asm_auszeichnung_900x600.jpg\" alt=\"Auszeichnungen\" title_text=\"Auszeichnungen\" force_fullwidth=\"on\" _builder_version=\"4.27.4\" _module_preset=\"default\" global_colors_info=\"{}\"][\/et_pb_image][\/et_pb_column][et_pb_column type=\"2_3\" _builder_version=\"4.27.4\" _module_preset=\"default\" background_color=\"#FFFFFF\" global_colors_info=\"{}\"][et_pb_text _builder_version=\"4.27.4\" _module_preset=\"default\" text_line_height=\"1.5em\" header_2_font=\"Open Sans|700|||||||\" header_2_text_color=\"#d86ca6\" header_5_font=\"Open Sans|600|||||||\" header_5_text_color=\"#005c8c\" header_5_font_size=\"18px\" background_color=\"RGBA(255,255,255,0)\" custom_margin=\"0px|0px|0px|0px|false|false\" custom_padding=\"10px|20px|10px|20px|false|false\" global_colors_info=\"{}\"]<\/p><p><b>Weltweit geehrt<\/b><\/p><h2><a title=\"Auszeichnungen\" href=\"\/auszeichnungen\/\">Auszeichnungen<\/a><\/h2><p>Anne-Sophie Mutter wurde mehrfach f\u00fcr ihr musikalisches Schaffen geehrt \u2013 unter anderem mit der Ehrendoktorw\u00fcrde der Musikakademie Krakau (2022) und der Technischen Universit\u00e4t Trondheim (2010). Das Keble College in Oxford ernannte sie 2015 zum Honorary Fellow. Bereits 2008 wurde sie mit dem renommierten Ernst von Siemens Musikpreis ausgezeichnet.<\/p><p>[\/et_pb_text][et_pb_button button_url=\"\/auszeichnungen\/\" button_text=\"Mehr erfahren\" button_alignment=\"left\" _builder_version=\"4.27.4\" _module_preset=\"default\" custom_button=\"on\" button_text_size=\"16px\" button_text_color=\"#d86ca6\" button_border_width=\"2px\" button_border_color=\"#d86ca6\" button_border_radius=\"0px\" button_icon=\"$||divi||400\" button_icon_color=\"#d86ca6\" custom_margin=\"5px|20px||20px|false|false\" global_colors_info=\"{}\"][\/et_pb_button][\/et_pb_column][\/et_pb_row][\/et_pb_section][et_pb_section fb_built=\"1\" fullwidth=\"on\" _builder_version=\"4.27.4\" _module_preset=\"default\" background_image=\"https:\/\/www.anne-sophie-mutter.de\/wp-content\/uploads\/2025\/05\/trenner.jpg\" parallax=\"on\" height=\"500px\" global_colors_info=\"{}\"][et_pb_fullwidth_slider _builder_version=\"4.27.4\" _module_preset=\"default\" background_enable_image=\"off\" global_colors_info=\"{}\"][\/et_pb_fullwidth_slider][\/et_pb_section][et_pb_section fb_built=\"1\" admin_label=\"Biografie\" _builder_version=\"4.27.4\" _module_preset=\"default\" background_color=\"#FFFFFF\" background_enable_image=\"off\" custom_margin=\"100px||0px||false|false\" custom_padding=\"100px||100px||false|false\" locked=\"off\" global_colors_info=\"{}\"][et_pb_row column_structure=\"2_3,1_3\" _builder_version=\"4.27.4\" _module_preset=\"default\" min_height=\"269px\" custom_margin=\"0px||40px||false|false\" custom_padding=\"0px||0px||false|false\" global_colors_info=\"{}\"][et_pb_column type=\"2_3\" _builder_version=\"4.27.4\" _module_preset=\"default\" global_colors_info=\"{}\"][et_pb_text _builder_version=\"4.27.4\" _module_preset=\"default\" text_line_height=\"1.5em\" header_2_font=\"Open Sans|700|||||||\" header_2_text_color=\"#d86ca6\" header_5_font=\"Open Sans|600|||||||\" header_5_text_color=\"#005c8c\" header_5_font_size=\"18px\" background_color=\"RGBA(255,255,255,0)\" custom_margin=\"0px|0px|0px|0px|false|false\" custom_padding=\"10px|20px|10px|20px|false|false\" global_colors_info=\"{}\"]<\/p><p><strong>Kunst f\u00fcr einen guten Zweck<\/strong><\/p><h2 class=\"contentPage__title\"><a title=\"Benefizkonzerte\" href=\"\/benefizkonzerte\/\">Benefizkonzerte<\/a><\/h2><p>Die \u00f6ffentliche Aufmerksamkeit, die ihr als K\u00fcnstlerin entgegengebracht wird, ist f\u00fcr Anne-Sophie Mutter auch eine Pflicht, auf die medizinischen und sozialen Probleme unserer Zeit hinzuweisen und diese zu mildern. Diese Anliegen unterst\u00fctzt sie durch regelm\u00e4\u00dfige Benefizkonzerte.<\/p><p>[\/et_pb_text][et_pb_button button_url=\"\/benefizkonzerte\/\" button_text=\"Mehr erfahren\" button_alignment=\"left\" _builder_version=\"4.27.4\" _module_preset=\"default\" custom_button=\"on\" button_text_size=\"16px\" button_text_color=\"#d86ca6\" button_border_width=\"2px\" button_border_color=\"#d86ca6\" button_border_radius=\"0px\" button_icon=\"$||divi||400\" button_icon_color=\"#d86ca6\" custom_margin=\"5px|20px||20px|false|false\" global_colors_info=\"{}\"][\/et_pb_button][\/et_pb_column][et_pb_column type=\"1_3\" _builder_version=\"4.27.4\" _module_preset=\"default\" global_colors_info=\"{}\"][et_pb_image src=\"https:\/\/www.anne-sophie-mutter.de\/wp-content\/uploads\/2025\/05\/asm_karitativ_900x600.jpg\" alt=\"Benefizkonzerte\" title_text=\"Benefizkonzerte\" _builder_version=\"4.27.4\" _module_preset=\"default\" global_colors_info=\"{}\"][\/et_pb_image][\/et_pb_column][\/et_pb_row][\/et_pb_section]<\/p>","_et_gb_content_width":"","inline_featured_image":false,"footnotes":""},"class_list":["post-5438","page","type-page","status-publish","hentry"],"acf":[],"yoast_head":"<!-- This site is optimized with the Yoast SEO plugin v27.4 - https:\/\/yoast.com\/product\/yoast-seo-wordpress\/ -->\n<title>Anne-Sophie Mutter - Official Biography<\/title>\n<meta name=\"description\" content=\"Anne-Sophie Mutter: World-renowned violinist, has performed internationally for decades, shaping classical music as a soloist, mentor &amp; visionary.\" \/>\n<meta name=\"robots\" content=\"index, follow, max-snippet:-1, max-image-preview:large, max-video-preview:-1\" \/>\n<link rel=\"canonical\" href=\"https:\/\/www.anne-sophie-mutter.de\/en\/biography\/\" \/>\n<meta property=\"og:locale\" content=\"en_US\" \/>\n<meta property=\"og:type\" content=\"article\" \/>\n<meta property=\"og:title\" content=\"Anne-Sophie Mutter - Official Biography\" \/>\n<meta property=\"og:description\" content=\"Anne-Sophie Mutter: World-renowned violinist, has performed internationally for decades, shaping classical music as a soloist, mentor &amp; visionary.\" \/>\n<meta property=\"og:site_name\" content=\"Anne-Sophie Mutter - official website\" \/>\n<meta property=\"article:modified_time\" content=\"2025-10-15T15:25:43+00:00\" \/>\n<meta name=\"twitter:card\" content=\"summary_large_image\" \/>\n<meta name=\"twitter:label1\" content=\"Est. reading time\" \/>\n\t<meta name=\"twitter:data1\" content=\"3 minutes\" \/>\n<script type=\"application\/ld+json\" class=\"yoast-schema-graph\">{\"@context\":\"https:\\\/\\\/schema.org\",\"@graph\":[{\"@type\":\"WebPage\",\"@id\":\"https:\\\/\\\/www.anne-sophie-mutter.de\\\/en\\\/biography\\\/\",\"url\":\"https:\\\/\\\/www.anne-sophie-mutter.de\\\/en\\\/biography\\\/\",\"name\":\"Anne-Sophie Mutter - Official Biography\",\"isPartOf\":{\"@id\":\"https:\\\/\\\/www.anne-sophie-mutter.de\\\/en\\\/#website\"},\"datePublished\":\"2025-05-25T15:41:23+00:00\",\"dateModified\":\"2025-10-15T15:25:43+00:00\",\"description\":\"Anne-Sophie Mutter: World-renowned violinist, has performed internationally for decades, shaping classical music as a soloist, mentor & visionary.\",\"breadcrumb\":{\"@id\":\"https:\\\/\\\/www.anne-sophie-mutter.de\\\/en\\\/biography\\\/#breadcrumb\"},\"inLanguage\":\"en-US\",\"potentialAction\":[{\"@type\":\"ReadAction\",\"target\":[\"https:\\\/\\\/www.anne-sophie-mutter.de\\\/en\\\/biography\\\/\"]}]},{\"@type\":\"BreadcrumbList\",\"@id\":\"https:\\\/\\\/www.anne-sophie-mutter.de\\\/en\\\/biography\\\/#breadcrumb\",\"itemListElement\":[{\"@type\":\"ListItem\",\"position\":1,\"name\":\"Startseite\",\"item\":\"https:\\\/\\\/www.anne-sophie-mutter.de\\\/en\\\/\"},{\"@type\":\"ListItem\",\"position\":2,\"name\":\"BIOGRAPHY\"}]},{\"@type\":\"WebSite\",\"@id\":\"https:\\\/\\\/www.anne-sophie-mutter.de\\\/en\\\/#website\",\"url\":\"https:\\\/\\\/www.anne-sophie-mutter.de\\\/en\\\/\",\"name\":\"Anne-Sophie Mutter - official website\",\"description\":\"\",\"potentialAction\":[{\"@type\":\"SearchAction\",\"target\":{\"@type\":\"EntryPoint\",\"urlTemplate\":\"https:\\\/\\\/www.anne-sophie-mutter.de\\\/en\\\/?s={search_term_string}\"},\"query-input\":{\"@type\":\"PropertyValueSpecification\",\"valueRequired\":true,\"valueName\":\"search_term_string\"}}],\"inLanguage\":\"en-US\"}]}<\/script>\n<!-- \/ Yoast SEO plugin. -->","yoast_head_json":{"title":"Anne-Sophie Mutter - Official Biography","description":"Anne-Sophie Mutter: World-renowned violinist, has performed internationally for decades, shaping classical music as a soloist, mentor & visionary.","robots":{"index":"index","follow":"follow","max-snippet":"max-snippet:-1","max-image-preview":"max-image-preview:large","max-video-preview":"max-video-preview:-1"},"canonical":"https:\/\/www.anne-sophie-mutter.de\/en\/biography\/","og_locale":"en_US","og_type":"article","og_title":"Anne-Sophie Mutter - Official Biography","og_description":"Anne-Sophie Mutter: World-renowned violinist, has performed internationally for decades, shaping classical music as a soloist, mentor & visionary.","og_site_name":"Anne-Sophie Mutter - official website","article_modified_time":"2025-10-15T15:25:43+00:00","twitter_card":"summary_large_image","twitter_misc":{"Est. reading time":"3 minutes"},"schema":{"@context":"https:\/\/schema.org","@graph":[{"@type":"WebPage","@id":"https:\/\/www.anne-sophie-mutter.de\/en\/biography\/","url":"https:\/\/www.anne-sophie-mutter.de\/en\/biography\/","name":"Anne-Sophie Mutter - Official Biography","isPartOf":{"@id":"https:\/\/www.anne-sophie-mutter.de\/en\/#website"},"datePublished":"2025-05-25T15:41:23+00:00","dateModified":"2025-10-15T15:25:43+00:00","description":"Anne-Sophie Mutter: World-renowned violinist, has performed internationally for decades, shaping classical music as a soloist, mentor & visionary.","breadcrumb":{"@id":"https:\/\/www.anne-sophie-mutter.de\/en\/biography\/#breadcrumb"},"inLanguage":"en-US","potentialAction":[{"@type":"ReadAction","target":["https:\/\/www.anne-sophie-mutter.de\/en\/biography\/"]}]},{"@type":"BreadcrumbList","@id":"https:\/\/www.anne-sophie-mutter.de\/en\/biography\/#breadcrumb","itemListElement":[{"@type":"ListItem","position":1,"name":"Startseite","item":"https:\/\/www.anne-sophie-mutter.de\/en\/"},{"@type":"ListItem","position":2,"name":"BIOGRAPHY"}]},{"@type":"WebSite","@id":"https:\/\/www.anne-sophie-mutter.de\/en\/#website","url":"https:\/\/www.anne-sophie-mutter.de\/en\/","name":"Anne-Sophie Mutter - official website","description":"","potentialAction":[{"@type":"SearchAction","target":{"@type":"EntryPoint","urlTemplate":"https:\/\/www.anne-sophie-mutter.de\/en\/?s={search_term_string}"},"query-input":{"@type":"PropertyValueSpecification","valueRequired":true,"valueName":"search_term_string"}}],"inLanguage":"en-US"}]}},"_links":{"self":[{"href":"https:\/\/www.anne-sophie-mutter.de\/en\/wp-json\/wp\/v2\/pages\/5438","targetHints":{"allow":["GET"]}}],"collection":[{"href":"https:\/\/www.anne-sophie-mutter.de\/en\/wp-json\/wp\/v2\/pages"}],"about":[{"href":"https:\/\/www.anne-sophie-mutter.de\/en\/wp-json\/wp\/v2\/types\/page"}],"author":[{"embeddable":true,"href":"https:\/\/www.anne-sophie-mutter.de\/en\/wp-json\/wp\/v2\/users\/2"}],"replies":[{"embeddable":true,"href":"https:\/\/www.anne-sophie-mutter.de\/en\/wp-json\/wp\/v2\/comments?post=5438"}],"version-history":[{"count":11,"href":"https:\/\/www.anne-sophie-mutter.de\/en\/wp-json\/wp\/v2\/pages\/5438\/revisions"}],"predecessor-version":[{"id":10470,"href":"https:\/\/www.anne-sophie-mutter.de\/en\/wp-json\/wp\/v2\/pages\/5438\/revisions\/10470"}],"wp:attachment":[{"href":"https:\/\/www.anne-sophie-mutter.de\/en\/wp-json\/wp\/v2\/media?parent=5438"}],"curies":[{"name":"wp","href":"https:\/\/api.w.org\/{rel}","templated":true}]}}