{"id":5442,"date":"2025-05-22T18:18:42","date_gmt":"2025-05-22T16:18:42","guid":{"rendered":"https:\/\/www.anne-sophie-mutter.de\/?page_id=5442"},"modified":"2026-03-27T21:25:29","modified_gmt":"2026-03-27T20:25:29","slug":"biographical-overview","status":"publish","type":"page","link":"https:\/\/www.anne-sophie-mutter.de\/en\/biographical-overview\/","title":{"rendered":"Biographical Overview"},"content":{"rendered":"<p>[et_pb_section fb_built=&#8221;1&#8243; fullwidth=&#8221;on&#8221; _builder_version=&#8221;4.27.4&#8243; _module_preset=&#8221;default&#8221; global_colors_info=&#8221;{}&#8221;][et_pb_fullwidth_image src=&#8221;https:\/\/www.anne-sophie-mutter.de\/wp-content\/uploads\/2025\/05\/Biografie_D_smal-2.jpg&#8221; title_text=&#8221;Biografie_ENG_mob&#8221; src_tablet=&#8221;https:\/\/www.anne-sophie-mutter.de\/wp-content\/uploads\/2025\/05\/Biografie_D_smal-2.jpg&#8221; src_phone=&#8221;https:\/\/www.anne-sophie-mutter.de\/wp-content\/uploads\/2025\/09\/Biografie_ENG_mob.jpg&#8221; src_last_edited=&#8221;on|phone&#8221; _builder_version=&#8221;4.27.4&#8243; _module_preset=&#8221;default&#8221; custom_margin=&#8221;0px||0px||false|false&#8221; custom_padding=&#8221;0px||0px||false|false&#8221; global_colors_info=&#8221;{}&#8221;][\/et_pb_fullwidth_image][\/et_pb_section][et_pb_section fb_built=&#8221;1&#8243; admin_label=&#8221;Biografie&#8221; _builder_version=&#8221;4.27.4&#8243; _module_preset=&#8221;default&#8221; background_image=&#8221;https:\/\/www.anne-sophie-mutter.de\/wp-content\/uploads\/2025\/08\/farbflaeche_bio_3.jpg&#8221; parallax=&#8221;on&#8221; custom_margin=&#8221;100px||0px||false|false&#8221; custom_padding=&#8221;100px||100px||false|false&#8221; locked=&#8221;off&#8221; global_colors_info=&#8221;{}&#8221;][et_pb_row _builder_version=&#8221;4.27.4&#8243; _module_preset=&#8221;default&#8221; custom_margin=&#8221;0px||100px||false|false&#8221; custom_padding=&#8221;0px||0px||false|false&#8221; global_colors_info=&#8221;{}&#8221;][et_pb_column type=&#8221;4_4&#8243; _builder_version=&#8221;4.27.4&#8243; _module_preset=&#8221;default&#8221; global_colors_info=&#8221;{}&#8221;][et_pb_text _builder_version=&#8221;4.27.4&#8243; _module_preset=&#8221;default&#8221; text_font=&#8221;&#8211;et_global_body_font||||||||&#8221; text_text_color=&#8221;#ffffff&#8221; text_font_size=&#8221;60px&#8221; text_line_height=&#8221;0.7em&#8221; header_text_color=&#8221;#FFFFFF&#8221; header_font_size=&#8221;50px&#8221; header_line_height=&#8221;0.7em&#8221; header_2_font=&#8221;Open Sans|700|||||||&#8221; header_2_text_color=&#8221;#d86ca6&#8243; header_2_font_size=&#8221;30px&#8221; background_color=&#8221;#FFFFFF&#8221; width=&#8221;230px&#8221; width_tablet=&#8221;230px&#8221; width_phone=&#8221;175px&#8221; width_last_edited=&#8221;on|phone&#8221; height=&#8221;230px&#8221; height_tablet=&#8221;230px&#8221; height_phone=&#8221;175px&#8221; height_last_edited=&#8221;on|phone&#8221; custom_margin=&#8221;0px||0px|0px|false|false&#8221; custom_padding=&#8221;10px||0px|15px|false|false&#8221; header_2_font_size_tablet=&#8221;30px&#8221; header_2_font_size_phone=&#8221;22px&#8221; header_2_font_size_last_edited=&#8221;on|phone&#8221; border_width_all=&#8221;1px&#8221; border_color_all=&#8221;#c128a8&#8243; global_colors_info=&#8221;{}&#8221;]<\/p>\n<h2>BIOGRAPHY<br \/>OVERVIEW<\/h2>\n<p>[\/et_pb_text][\/et_pb_column][\/et_pb_row][et_pb_row use_custom_gutter=&#8221;on&#8221; _builder_version=&#8221;4.27.4&#8243; _module_preset=&#8221;default&#8221; custom_margin=&#8221;0px||40px||false|false&#8221; custom_padding=&#8221;0px|0px|0px|0px|false|false&#8221; global_colors_info=&#8221;{}&#8221;][et_pb_column type=&#8221;4_4&#8243; _builder_version=&#8221;4.27.4&#8243; _module_preset=&#8221;default&#8221; background_color=&#8221;#FFFFFF&#8221; global_colors_info=&#8221;{}&#8221;][et_pb_text _builder_version=&#8221;4.27.5&#8243; _module_preset=&#8221;default&#8221; text_line_height=&#8221;1.5em&#8221; header_2_font=&#8221;Open Sans|700|||||||&#8221; header_2_text_color=&#8221;#d86ca6&#8243; header_2_line_height=&#8221;1.3em&#8221; header_5_font=&#8221;Open Sans|600|||||||&#8221; header_5_text_color=&#8221;#005c8c&#8221; header_5_font_size=&#8221;18px&#8221; background_color=&#8221;RGBA(255,255,255,0)&#8221; custom_margin=&#8221;0px|0px|0px|0px|false|false&#8221; custom_padding=&#8221;10px|20px|10px|20px|false|false&#8221; global_colors_info=&#8221;{}&#8221;]<\/p>\n<p><b>2025\/2026<\/b><\/p>\n<h2>A biographical overview.<\/h2>\n<p><em><strong>Anne-Sophie Mutter is a musical phenomenon: for nearly five decades the virtuoso has now been a fixture in all the world\u2019s major concert halls, making her mark on the classical music scene as a soloist, mentor and visionary. The four-time Grammy\u00ae Award winner is equally committed to the performance of traditional composers as to the future of music.<\/strong><\/em><\/p>\n<p>[\/et_pb_text][\/et_pb_column][\/et_pb_row][et_pb_row column_structure=&#8221;1_2,1_2&#8243; use_custom_gutter=&#8221;on&#8221; _builder_version=&#8221;4.27.4&#8243; _module_preset=&#8221;default&#8221; custom_margin=&#8221;0px||0px||false|false&#8221; custom_padding=&#8221;0px||0px||false|false&#8221; global_colors_info=&#8221;{}&#8221;][et_pb_column type=&#8221;1_2&#8243; _builder_version=&#8221;4.27.4&#8243; _module_preset=&#8221;default&#8221; background_color=&#8221;#FFFFFF&#8221; global_colors_info=&#8221;{}&#8221;][et_pb_text _builder_version=&#8221;4.27.5&#8243; _module_preset=&#8221;default&#8221; text_line_height=&#8221;1.5em&#8221; header_5_font=&#8221;Open Sans|600|||||||&#8221; header_5_text_color=&#8221;#005c8c&#8221; header_5_font_size=&#8221;18px&#8221; background_color=&#8221;#FFFFFF&#8221; custom_margin=&#8221;0px|0px|0px|0px|false|false&#8221; custom_padding=&#8221;10px|20px|10px|20px|false|false&#8221; global_colors_info=&#8221;{}&#8221;]<\/p>\n<p>So far she has given world premieres of 34 works \u2013 Thomas Ad\u00e8s, Unsuk Chin, Sebastian Currier, Aftab Darvishi, Henri Dutilleux, Sofia Gubaidulina, Witold Lutoslawski, Norbert Moret, Krzysztof Penderecki, Sir Andr\u00e9 Previn, Wolfgang Rihm, J\u00f6rg Widmann and John Williams have all composed for Anne-Sophie Mutter. Anne-Sophie Mutter dedicates herself to supporting tomorrow\u2019s musical elite and numerous benefit projects. Since January 2022 she joins the foundation board of the Lucerne Festival.<\/p>\n<p>In the autumn of 1997 she founded the Association of Friends of the Anne-Sophie Mutter Foundation e.V., to which the Anne-Sophie Mutter Foundation was added in 2008. These two charitable institutions provide support for the scholarship recipients, support which is tailored to the fellows\u2019 individual needs. Since 2011, Anne-Sophie Mutter has regularly shared the spotlight on stage with her ensemble of fellows, Mutter\u2019s Virtuosi.<\/p>\n<p>[\/et_pb_text][\/et_pb_column][et_pb_column type=&#8221;1_2&#8243; _builder_version=&#8221;4.27.4&#8243; _module_preset=&#8221;default&#8221; background_color=&#8221;RGBA(255,255,255,0)&#8221; global_colors_info=&#8221;{}&#8221;][et_pb_image src=&#8221;https:\/\/www.anne-sophie-mutter.de\/wp-content\/uploads\/2025\/05\/asm_1_900x600.jpg&#8221; alt=&#8221;Anne-Sophie Mutter&#8221; title_text=&#8221;Anne-Sophie Mutter&#8221; _builder_version=&#8221;4.27.4&#8243; _module_preset=&#8221;default&#8221; global_colors_info=&#8221;{}&#8221;][\/et_pb_image][\/et_pb_column][\/et_pb_row][\/et_pb_section][et_pb_section fb_built=&#8221;1&#8243; fullwidth=&#8221;on&#8221; _builder_version=&#8221;4.27.4&#8243; _module_preset=&#8221;default&#8221; background_color=&#8221;RGBA(255,255,255,0)&#8221; background_video_mp4=&#8221;https:\/\/www.anne-sophie-mutter.de\/wp-content\/uploads\/2025\/05\/Biografie.mp4&#8243; height=&#8221;400px&#8221; custom_margin=&#8221;0px||0px||false|false&#8221; custom_padding=&#8221;0px||0px||false|false&#8221; global_colors_info=&#8221;{}&#8221;][\/et_pb_section][et_pb_section fb_built=&#8221;1&#8243; admin_label=&#8221;Biografie&#8221; _builder_version=&#8221;4.27.4&#8243; _module_preset=&#8221;default&#8221; background_enable_image=&#8221;off&#8221; parallax=&#8221;on&#8221; custom_margin=&#8221;100px||0px||false|false&#8221; custom_padding=&#8221;0px||0px||false|false&#8221; locked=&#8221;off&#8221; global_colors_info=&#8221;{}&#8221;][et_pb_row column_structure=&#8221;2_3,1_3&#8243; use_custom_gutter=&#8221;on&#8221; _builder_version=&#8221;4.27.4&#8243; _module_preset=&#8221;default&#8221; custom_margin=&#8221;0px||0px||false|false&#8221; custom_padding=&#8221;0px||0px||false|false&#8221; global_colors_info=&#8221;{}&#8221;][et_pb_column type=&#8221;2_3&#8243; _builder_version=&#8221;4.27.4&#8243; _module_preset=&#8221;default&#8221; background_color=&#8221;#FFFFFF&#8221; global_colors_info=&#8221;{}&#8221;][et_pb_text _builder_version=&#8221;4.27.5&#8243; _module_preset=&#8221;default&#8221; text_line_height=&#8221;1.5em&#8221; header_2_font=&#8221;Open Sans|700|||||||&#8221; header_5_font=&#8221;Open Sans|600|||||||&#8221; header_5_text_color=&#8221;#005c8c&#8221; header_5_font_size=&#8221;18px&#8221; background_color=&#8221;#FFFFFF&#8221; custom_margin=&#8221;0px|0px|0px|0px|false|false&#8221; custom_padding=&#8221;10px|20px|10px|20px|false|false&#8221; global_colors_info=&#8221;{}&#8221;]<\/p>\n<h3><strong>Concerts 2025\/2026<\/strong><\/h3>\n<p>In the season 2025\/2026 &#8211; the year of her 50th anniversary on stage in Lucerne \u2013 she once again reflects her  musical versatility and her unrivalled standing in the world of classical music with performances in Europe, Far East and North America. With  world premieres by Aftab Darvishi,  Max Richter and John Williams she is once again introducing new repertoire to her audience and looking back on her musical achievements over the past 50 years with a variety of concert programs.<\/p>\n<p>In collaboration with Alpha Classics, she is releasing a series of works written for her under the name ASM Forte Forward, which she has not yet recorded. The first album in the series, East Meets West, will be released on 27 March 2026 and features works by Darvishi, Chin, Ad\u00e8s and Widmann, while Deutsche Grammophon is honouring her anniversary with a comprehensive catalogue initiative spanning 40 years of collaboration.<\/p>\n<p>In January 2026 ASM will begin the year of her 50th stage anniversary in Lucerne with an Asian tour to Taiwan and Hong Kong. Together with Lina Gonz\u00e1les-Granados she will bring John Williams&#8217; Violin Concerto No. 2, which the great master dedicated to her, to Asia, where she will also perform film themes arranged especially for her with the Hong Kong Philharmonic and the National Symphony Orchestra Taiwan.<\/p>\n<p>The great romantic violin repertoire is a must in this anniversary year. The violinist is collaborating with the W\u00fcrth Philharmonic Orchestra in K\u00fcnzelsau for the first time under the baton of Claudio Vandelli performing P.I. Tchaikovsky&#8217;s violin concerto. The same work will be performed together with the London Philharmonic Orchestra and Karina Canallakis in a concert in London as well as on the following tour in Europe.<\/p>\n<p>In Israel, Mutter will play Beethoven&#8217;s Violin Concerto together with the Israel Philharmonic conducted by Lahav Shani. <\/p>\n<p>An extensive tour to many German cities will conclude the 2025\/2026 season. The program includes Mozart violin concertos, Andr\u00e9 Previn&#8217;s 2nd Violin Concerto with two harpsichord interludes, which she premiered and which the composer dedicated to her, as well as Aftab Darvishi&#8217;s \u201cLikoo,\u201d a work commissioned by the violinist for solo violin, which premiered in April 2025 is exemplary of Anne-Sophie Mutter&#8217;s musical work over the past five decades: it combines the great violin literature of the past with modern and contemporary repertoire. Anne-Sophie Mutter conducts the Berlin Baroque Soloists directly from her violin.<\/p>\n<p>An anniversary residency at the Lucerne Festival will follow in August 2026. The anniversary celebrations will begin with an artist talk in Meggen, the place where she made her debut in 1976. This will be followed by two concerts: Anne-Sophie Mutter will conduct the Lucerne Festival Orchestra from her violin, performing \u2018Likoo\u2019 by Aftab Darvishi and violin concertos by Andr\u00e9 Previn and Wolfgang Amadeus Mozart. Krzysztof Penderecki&#8217;s Second Violin Concerto \u2018Metamorphosen\u2019, another central work in her oeuvre, is also on the programme. Together with the Pittsburgh Symphony Orchestra and under the baton of Manfred Honeck, this multi-layered work, written especially for her by the composer, will be performed as the third part of her stage anniversary in Lucerne.[\/et_pb_text][\/et_pb_column][et_pb_column type=&#8221;1_3&#8243; _builder_version=&#8221;4.27.4&#8243; _module_preset=&#8221;default&#8221; background_color=&#8221;#FFFFFF&#8221; global_colors_info=&#8221;{}&#8221;][et_pb_text _builder_version=&#8221;4.27.5&#8243; _module_preset=&#8221;default&#8221; header_3_font=&#8221;Open Sans|700|||||||&#8221; custom_margin=&#8221;0px|0px|0px|0px|false|false&#8221; custom_padding=&#8221;10px|20px|10px|20px|false|false&#8221; global_colors_info=&#8221;{}&#8221;]<\/p>\n<h2>Next concert<\/h2>\n<p>[\/et_pb_text][decm_event_display module_css_class=&#8221;calendar-front&#8221; event_selection=&#8221;all_event&#8221; show_cdn_link=&#8221;on&#8221; show_virtual_event=&#8221;on&#8221; show_hybrid_event=&#8221;on&#8221; recurrence_number=&#8221;1&#8243; cutoff_ongoing_events=&#8221;cut_start_date_reached&#8221; show_feature_image=&#8221;off&#8221; show_date=&#8221;off&#8221; date_format=&#8221;d M Y&#8221; start_date_format=&#8221;d M Y&#8221; show_end_date=&#8221;off&#8221; details_time_label=&#8221;Uhr&#8221; time_format=&#8221;H:i &#8221; show_end_time=&#8221;off&#8221; show_location=&#8221;on&#8221; show_street=&#8221;off&#8221; show_street_comma=&#8221;off&#8221; show_location_state=&#8221;off&#8221; show_location_state_comma=&#8221;off&#8221; show_postal=&#8221;off&#8221; show_postal_comma=&#8221;off&#8221; show_country_comma=&#8221;off&#8221; show_postal_code_before_locality=&#8221;off&#8221; show_name=&#8221;off&#8221; show_price=&#8221;off&#8221; show_price_ticket=&#8221;off&#8221; show_rsvp_feed=&#8221;off&#8221; show_category=&#8221;off&#8221; hide_comma_cat=&#8221;off&#8221; show_tag=&#8221;off&#8221; show_weburl=&#8221;off&#8221; show_detail=&#8221;off&#8221; callout_month_format=&#8221;M&#8221; show_callout_year=&#8221;on&#8221; show_data_one_line=&#8221;off&#8221; event_count=&#8221;1&#8243; result_message=&#8221;Aktuell keine bevorstehenden Veranstaltungen&#8221; columns=&#8221;1&#8243; view_more_text=&#8221;Konzertdetails&#8221; whole_event_clickable=&#8221;on&#8221; website_link=&#8221;custom_text&#8221; custom_website_link_text=&#8221;Konzertdetails&#8221; admin_label=&#8221;TEC &#8211; Konzertliste -3 Spaltig&#8221; _builder_version=&#8221;4.27.4&#8243; _module_preset=&#8221;default&#8221; title_font=&#8221;|600||on|||||&#8221; title_text_color=&#8221;#d974a6&#8243; title_font_size=&#8221;16px&#8221; callout_date_text_color=&#8221;#d974a6&#8243; callout_month_font=&#8221;||||||||&#8221; callout_month_text_color=&#8221;#d974a6&#8243; callout_day_of_the_week_text_color=&#8221;#d974a6&#8243; callout_year_font=&#8221;||||||||&#8221; callout_year_text_color=&#8221;#d974a6&#8243; callout_time_text_color=&#8221;#d974a6&#8243; use_background_color=&#8221;off&#8221; border_width_all=&#8221;1px&#8221; border_color_all=&#8221;#fefefe&#8221; global_colors_info=&#8221;{}&#8221;][\/decm_event_display][et_pb_text _builder_version=&#8221;4.27.5&#8243; _module_preset=&#8221;default&#8221; header_3_font=&#8221;Open Sans|700|||||||&#8221; custom_margin=&#8221;40px|0px|0px|0px|false|false&#8221; custom_padding=&#8221;10px|20px|10px|20px|false|false&#8221; global_colors_info=&#8221;{}&#8221;]<\/p>\n<h2>Latest CD release<\/h2>\n<p>[\/et_pb_text][et_pb_image src=&#8221;https:\/\/www.anne-sophie-mutter.de\/wp-content\/uploads\/2026\/01\/172-Qt7J-Kopie.jpg&#8221; title_text=&#8221;172-Qt7J Kopie&#8221; url=&#8221;@ET-DC@eyJkeW5hbWljIjp0cnVlLCJjb250ZW50IjoicG9zdF9saW5rX3VybF92ZXJvZWZmZW50bGljaHVuZyIsInNldHRpbmdzIjp7InBvc3RfaWQiOiIxMTY4NiJ9fQ==@&#8221; _builder_version=&#8221;4.27.5&#8243; _dynamic_attributes=&#8221;url&#8221; _module_preset=&#8221;default&#8221; hover_enabled=&#8221;0&#8243; global_colors_info=&#8221;{}&#8221; alt=&#8221;East meets West&#8221; sticky_enabled=&#8221;0&#8243;][\/et_pb_image][et_pb_text disabled_on=&#8221;off|off|off&#8221; _builder_version=&#8221;4.27.5&#8243; _module_preset=&#8221;default&#8221; header_3_font=&#8221;Open Sans|700|||||||&#8221; custom_margin=&#8221;40px|0px|0px|0px|false|false&#8221; custom_padding=&#8221;10px|20px|10px|20px|false|false&#8221; global_colors_info=&#8221;{}&#8221;]<\/p>\n<h2>Biography as PDF download<\/h2>\n<p>[\/et_pb_text][et_pb_text disabled_on=&#8221;off|off|off&#8221; _builder_version=&#8221;4.27.5&#8243; _dynamic_attributes=&#8221;link_option_url&#8221; _module_preset=&#8221;default&#8221; link_option_url=&#8221;@ET-DC@eyJkeW5hbWljIjp0cnVlLCJjb250ZW50IjoicG9zdF9saW5rX3VybF9hdHRhY2htZW50Iiwic2V0dGluZ3MiOnsicG9zdF9pZCI6IjExNDcyIn19@&#8221; link_option_url_new_window=&#8221;on&#8221; global_colors_info=&#8221;{}&#8221;]<\/p>\n<div style=\"display: flex; align-items: center; gap: 10px; padding: 10px;\"><img decoding=\"async\" src=\"\/wp-content\/uploads\/2025\/05\/pdf.jpg\" alt=\"Download\" style=\"width: 50px; height: auto;\" \/><br \/>Biography (PDF)<\/div>\n<div style=\"display: flex; align-items: center; gap: 10px; padding: 10px;\"><\/div>\n<p>[\/et_pb_text][\/et_pb_column][\/et_pb_row][\/et_pb_section][et_pb_section fb_built=&#8221;1&#8243; admin_label=&#8221;Biografie&#8221; _builder_version=&#8221;4.27.4&#8243; _module_preset=&#8221;default&#8221; background_color=&#8221;#e1f0f7&#8243; background_enable_image=&#8221;off&#8221; parallax=&#8221;on&#8221; custom_margin=&#8221;100px||0px||false|false&#8221; custom_padding=&#8221;100px||100px||false|false&#8221; locked=&#8221;off&#8221; global_colors_info=&#8221;{}&#8221;][et_pb_row column_structure=&#8221;2_5,3_5&#8243; _builder_version=&#8221;4.27.4&#8243; _module_preset=&#8221;default&#8221; custom_margin=&#8221;0px||40px||false|false&#8221; custom_padding=&#8221;0px||0px||false|false&#8221; global_colors_info=&#8221;{}&#8221;][et_pb_column type=&#8221;2_5&#8243; _builder_version=&#8221;4.27.4&#8243; _module_preset=&#8221;default&#8221; background_color=&#8221;RGBA(255,255,255,0)&#8221; global_colors_info=&#8221;{}&#8221;][et_pb_image src=&#8221;https:\/\/www.anne-sophie-mutter.de\/wp-content\/uploads\/2025\/09\/anne-sophie-mutter-2025-1.jpg&#8221; title_text=&#8221;anne-sophie-mutter-2025-1&#8243; _builder_version=&#8221;4.27.4&#8243; _module_preset=&#8221;default&#8221; global_colors_info=&#8221;{}&#8221;][\/et_pb_image][et_pb_text _builder_version=&#8221;4.27.4&#8243; _module_preset=&#8221;default&#8221; text_line_height=&#8221;1.5em&#8221; header_2_font=&#8221;Open Sans|700|||||||&#8221; header_5_font=&#8221;Open Sans|600|||||||&#8221; header_5_text_color=&#8221;#005c8c&#8221; header_5_font_size=&#8221;18px&#8221; background_color=&#8221;RGBA(255,255,255,0)&#8221; custom_margin=&#8221;0px|0px|0px|0px|false|false&#8221; custom_padding=&#8221;0px|20px|10px|20px|false|false&#8221; global_colors_info=&#8221;{}&#8221;]<\/p>\n<p>Copyright: Andreas Ortner<\/p>\n<p>[\/et_pb_text][\/et_pb_column][et_pb_column type=&#8221;3_5&#8243; _builder_version=&#8221;4.27.4&#8243; _module_preset=&#8221;default&#8221; background_color=&#8221;#FFFFFF&#8221; global_colors_info=&#8221;{}&#8221;][et_pb_text _builder_version=&#8221;4.27.5&#8243; _module_preset=&#8221;default&#8221; text_line_height=&#8221;1.5em&#8221; header_2_font=&#8221;Open Sans|700|||||||&#8221; header_5_font=&#8221;Open Sans|600|||||||&#8221; header_5_text_color=&#8221;#005c8c&#8221; header_5_font_size=&#8221;18px&#8221; background_color=&#8221;#FFFFFF&#8221; custom_margin=&#8221;0px|0px|0px|0px|false|false&#8221; custom_padding=&#8221;10px|20px|10px|20px|false|false&#8221; global_colors_info=&#8221;{}&#8221;]<\/p>\n<h3><strong>Discography<\/strong><\/h3>\n<p>Her first recording was released in 1978: Mozart\u2019s Violin Concerti Nos. 3 and 5 with Herbert von Karajan and the Berlin Philharmonic. Since then she has made numerous recordings, for which Anne-Sophie Mutter has received four Grammies\u00ae, nine Echo Classic Awards, the German Recording Award, the Record Academy Prize, the Grand Prix du Disque and the International Phono Award.<\/p>\n<p>The following contains an overview of the past 15 years: On the occasion of Wolfgang Amadeus Mozart\u2019s 250th birthday in 2006, Anne-Sophie Mutter presented new recordings of Mozart\u2019s complete major compositions for violin.<\/p>\n<p>In September 2008 her recording of Gubaidulina\u2019s Violin Concerto In tempus praesens as well as the Bach Violin Concerti in A-Minor and E-Major was released.<br \/>\nDuring the Mendelssohn anniversary year of 2009, Anne-Sophie Mutter paid very personal homage to the composer, uniting solo concerto repertoire and chamber music on CD and DVD: the Violin Sonata in F-Major written in 1838, the Piano Trio in D-Minor completed a year later, and the Violin Concerto in E-Minor of 1845.<br \/>\nMarch 2010 saw the release of Anne-Sophie Mutter\u2019s recording of the Brahms Violin Sonatas, performed with Lambert Orkis. <\/p>\n<p>For her 35-year stage anniversary in 2011, Deutsche Grammophon released a comprehensive box set with all of the artist\u2019s DG recordings, extensive documentary material and as-yet unpublished rarities. At the same time, an album of first recordings of pieces dedicated to the violinist by Wolfgang Rihm, Sebastian Currier and Krzysztof Penderecki appeared.<\/p>\n<p>In October 2013 Anne-Sophie Mutter presented her first recording of the Dvo\u0159\u00e1k Violin Concerto with conductor Manfred Honeck and the Berlin Philharmonic.<br \/>\nIn May 2014 a double CD with recordings by Mutter and Orkis followed, commemorating the 25th anniversary of their collaboration: The Silver Album featuring the first recordings of Penderecki\u2019s La Follia and Previn\u2019s Violin Sonata No. 2.<\/p>\n<p>The live recording Anne-Sophie Mutter \u2013 Live from Yellow Lounge of her club performance in Berlin was released on CD, vinyl, DVD and Blu-ray disc on August 28, 2015. This was the first live recording ever from a Yellow Lounge. On the podium at Neue Heimat Berlin, Anne-Sophie Mutter was joined by her long-standing piano accompanist Lambert Orkis, \u201cMutter\u2019s Virtuosi\u201d and the harpsichordist Mahan Esfahani. The programme covered three centuries of classical music \u2013 from Johann Sebastian Bach and Antonio Vivaldi to George Gershwin and John Williams \u2013 a combination chosen especially by Anne-Sophie Mutter for the club evenings.<\/p>\n<p>Commemorating the 40-year stage anniversary of the charismatic artist, Deutsche Grammophon assembled the double CD Mutterissimo \u2013 The Art of Anne-Sophie Mutter, released in 2016. It assembles the highlights of her multi-faceted discography \u2013 personally selected by Anne-Sophie Mutter herself and focusing primarily on the past two decades of her impressive career.<\/p>\n<p>In November 2017, Anne-Sophie Mutter and Daniil Trifonov released their first joint album, focusing on one of the most famous works in all the classical repertoire. Together with Hwayoon Lee, Maximilian Hornung and Roman Patkol\u00f3, they recorded Schubert\u2019s Piano Quintet in A-major, generally known as the \u201cTrout Quintet\u201d. The programme also included Schubert\u2019s Notturno, a masterful late work for violin, cello and piano, as well as his songs St\u00e4ndchen and Ave Maria, arranged for violin and piano.<br \/>\nKrzysztof Penderecki\u2019s 85th birthday was honoured by Deutsche Grammophon in 2018 with a double album including all the works he has dedicated to Anne-Sophie Mutter, including her first recording of the Sonata for Violin and Piano No. 2: a sensitive and touching homage by the violinist to her musical friend and companion.<\/p>\n<p>In 2018, Deutsche Grammophon also commemorated the 40-year anniversary of Anne-Sophie Mutter\u2019s first recording by re-releasing her earliest concerto recordings in a deluxe hardcover edition entitled The Early Years \u2013 featuring violin concerti by Mozart (Nos. 3 and 5), Beethoven, Bruch and Mendelssohn. Thanks to the new, high-resolution audio format 2.2 24bit\/192kHz, the listener has the impression of being in the violinist\u2019s immediate vicinity.<\/p>\n<p>In August 2019, Across the Stars, her album with some of the most brilliant works by the composer and multiple Oscar-winner John Williams, was released, for which Williams adapted most of the recorded works especially for her.<\/p>\n<p>Anne-Sophie Mutter, Yo-Yo Ma and Daniel Barenboim recorded Beethoven\u2019s Triple Concerto together, celebrating the composer\u2019s 250th anniversary. The album also commemorates the 20-year anniversary of the founding of the West-Eastern Divan Orchestra. It was released on May 8, 2020, 40 years after the legendary recording of the Triple Concerto by Anne-Sophie Mutter and Yo-Yo Ma under Herbert von Karajan\u2019s baton.<\/p>\n<p>In August 2020 it was followed by John Williams in Vienna: the legendary American film composer conducted the Vienna Philharmonic for the first time in January 2020; the recording documents this historical performance of film history milestones. For the Musikverein audience, Anne-Sophie Mutter performed a selection of the virtuoso adaptations which Williams created especially for her, including Hedwig\u2019s Theme from Harry Potter, Devil\u2019s Dance from The Witches of Eastwick and the theme from Sabrina. In February 2021 the so-called \u201clive edition\u201d of this concert appeared, including six bonus tracks and John Williams\u2019 remarks from the podium, introducing each work on the Viennese programme.<\/p>\n<p>\u201cComposed especially for Anne-Sophie Mutter\u201d is the inscription John Williams added to his Violin Concerto No. 2, which the two of them premiered together on July 24, 2021 with the Boston Symphony Orchestra. In September 2021 the new work was recorded with the same cast as its world premiere, complemented by several new film themes. This CD was released in June 2022.<\/p>\n<p>November 2022 saw the release of a recording of the Double Concerto by Johannes Brahms with the cellist Pablo Ferr\u00e1ndez and the Czech Philharmonic Orchestra under Manfred Honeck, as well as Clara Schumann\u2019s Piano Trio with the pianist Lambert Orkis, her long-time musical partner and friend.<\/p>\n<p>The first album of her Foundation\u2019s ensemble, \u201cMutter\u2019s Virtuosi\u201d, was released in November 2023. As part of a European tour, Anne-Sophie Mutter and her Virtuosi ensemble gave an impressive performance at Vienna\u2019s Musikverein, forming the basis of this versatile and thoughtful album of music by Antonio Vivaldi, Johann Sebastian Bach, Joseph Bologne, Andr\u00e9 Previn and John Williams.<\/p>\n<p>In March 2026, the album East Meets West, the first in their ASM Forte Forward series in collaboration with the Alpha Classics label, will be released. It features compositions by Aftab Darvishi, Unsuk Chin, J\u00f6rg Widmann and Thomas Ad\u00e8s. Between 2026 and 2028, further albums will be released, featuring exclusively contemporary works written for her.[\/et_pb_text][\/et_pb_column][\/et_pb_row][\/et_pb_section][et_pb_section fb_built=&#8221;1&#8243; admin_label=&#8221;Biografie&#8221; _builder_version=&#8221;4.27.4&#8243; _module_preset=&#8221;default&#8221; background_color=&#8221;#fbe8ff&#8221; background_enable_image=&#8221;off&#8221; parallax=&#8221;on&#8221; custom_margin=&#8221;100px||0px||false|false&#8221; custom_padding=&#8221;100px||100px||false|false&#8221; locked=&#8221;off&#8221; global_colors_info=&#8221;{}&#8221;][et_pb_row column_structure=&#8221;2_5,3_5&#8243; use_custom_gutter=&#8221;on&#8221; make_equal=&#8221;on&#8221; _builder_version=&#8221;4.27.4&#8243; _module_preset=&#8221;default&#8221; custom_margin=&#8221;0px||40px||false|false&#8221; custom_padding=&#8221;0px||0px||false|false&#8221; global_colors_info=&#8221;{}&#8221;][et_pb_column type=&#8221;2_5&#8243; _builder_version=&#8221;4.27.4&#8243; _module_preset=&#8221;default&#8221; background_color=&#8221;#FFFFFF&#8221; global_colors_info=&#8221;{}&#8221;][et_pb_text _builder_version=&#8221;4.27.5&#8243; _module_preset=&#8221;default&#8221; text_line_height=&#8221;1.5em&#8221; header_2_font=&#8221;Open Sans|700|||||||&#8221; header_5_font=&#8221;Open Sans|600|||||||&#8221; header_5_text_color=&#8221;#005c8c&#8221; header_5_font_size=&#8221;18px&#8221; background_color=&#8221;#FFFFFF&#8221; custom_margin=&#8221;0px|0px|0px|0px|false|false&#8221; custom_padding=&#8221;10px|20px|10px|20px|false|false&#8221; global_colors_info=&#8221;{}&#8221;]<\/p>\n<h3><strong>Benefit concerts<\/strong><\/h3>\n<p>Anne-Sophie Mutter also takes a keen interest in alleviating medical and social problems of our times. She supports various causes through regular benefit concerts.<\/p>\n<p>In May 2026, she will perform a concert for M\u00e9decins Sans Fronti\u00e8res in Dresden, followed by a charity concert for Welthungerhilfe in Hamburg in June 2026.[\/et_pb_text][\/et_pb_column][et_pb_column type=&#8221;3_5&#8243; _builder_version=&#8221;4.27.4&#8243; _module_preset=&#8221;default&#8221; background_color=&#8221;#FFFFFF&#8221; global_colors_info=&#8221;{}&#8221;][et_pb_video src=&#8221;https:\/\/www.youtube.com\/watch?v=qg_7lbsCKUc&#038;t=4s&#8221; _builder_version=&#8221;4.27.4&#8243; _module_preset=&#8221;default&#8221; global_colors_info=&#8221;{}&#8221;][\/et_pb_video][\/et_pb_column][\/et_pb_row][et_pb_row column_structure=&#8221;2_5,3_5&#8243; use_custom_gutter=&#8221;on&#8221; _builder_version=&#8221;4.27.4&#8243; _module_preset=&#8221;default&#8221; custom_margin=&#8221;0px||0px||false|false&#8221; custom_padding=&#8221;0px||0px||false|false&#8221; global_colors_info=&#8221;{}&#8221;][et_pb_column type=&#8221;2_5&#8243; _builder_version=&#8221;4.27.4&#8243; _module_preset=&#8221;default&#8221; background_color=&#8221;#FFFFFF&#8221; global_colors_info=&#8221;{}&#8221;][et_pb_image src=&#8221;https:\/\/www.anne-sophie-mutter.de\/wp-content\/uploads\/2025\/05\/asm_kretschmer.jpg&#8221; alt=&#8221;Anne-Sophie Mutter &#038; Winfried Kretschmann&#8221; title_text=&#8221;Anne-Sophie Mutter &#038; Winfried Kretschmann&#8221; _builder_version=&#8221;4.27.4&#8243; _module_preset=&#8221;default&#8221; global_colors_info=&#8221;{}&#8221;][\/et_pb_image][\/et_pb_column][et_pb_column type=&#8221;3_5&#8243; _builder_version=&#8221;4.27.4&#8243; _module_preset=&#8221;default&#8221; background_color=&#8221;#FFFFFF&#8221; global_colors_info=&#8221;{}&#8221;][et_pb_text _builder_version=&#8221;4.27.4&#8243; _module_preset=&#8221;default&#8221; text_line_height=&#8221;1.5em&#8221; header_2_font=&#8221;Open Sans|700|||||||&#8221; header_5_font=&#8221;Open Sans|600|||||||&#8221; header_5_text_color=&#8221;#005c8c&#8221; header_5_font_size=&#8221;18px&#8221; background_color=&#8221;#FFFFFF&#8221; custom_margin=&#8221;0px|0px|0px|0px|false|false&#8221; custom_padding=&#8221;10px|20px|10px|20px|false|false&#8221; global_colors_info=&#8221;{}&#8221;]<\/p>\n<h3><strong>Awards<\/strong><\/h3>\n<p>In September 2025, Anne-Sophie Mutter received the Enescu Festival Award for Excellence in Bucharest and the Wolfgang Sch\u00fcssel Prize in Salzburg. In February 2025, Anne-Sophie Mutter was honoured with the Grand Staufer Medal in Gold by Baden-W\u00fcrttemberg&#8217;s Minister President Winfried Kretschmann.<\/p>\n<p>In 2023, the violinist received the Ruhr Piano Festival Prize, and the Royal Philharmonic Society awarded her its Gold Medal. The Krzysztof Penderecki Music Academy in Cracow bestowed an honorary doctorate on her in 2022.<\/p>\n<p>In 2019, Anne-Sophie Mutter was honoured to receive the Praemium Imperiale in the music category; she received the 2019 Polar Music Prize. Poland awarded the Gloria Artis Gold Medal for Cultural Achievements to Anne-Sophie Mutter in 2018, making her the first German artist to receive such an honour.<\/p>\n<p>In 2018 the violinist was named an honorary member of the Accademia Nazionale di Santa Cecilia. <br \/>In 2017 Romania awarded the Order of Cultural Merit in the rank of a Grand Officer to Anne-Sophie Mutter and France honoured her by presenting her with the insignia of a Commander of the French Order of the Arts and Literature.<\/p>\n<p>In 2016 the Spanish Ministry of Education, Culture and Sports awarded her the \u201cMedalla de oro al M\u00e9rito en las Bellas Artes\u201d (Gold Medal for Merits in the Fine Arts). In 2015, Anne-Sophie Mutter was named an Honorary Fellow of Keble College at the University of Oxford.<\/p>\n<p>In 2013 she became a Foreign Honorary Member of the American Academy of Arts and Sciences, after winning the medal of the Lutos\u0142awski Society (Warsaw) in January. In 2012 the Atlantic Council bestowed the Distinguished Artistic Leadership Award upon her.<\/p>\n<p>In 2011 she received the Brahms Prize as well as the Erich Fromm Prize and the Gustav Adolf Prize for her social activism. In 2010 the Technical-Scientific University of Norway in Trondheim bestowed an honorary doctorate upon her; in 2009 she won the European St. Ulrich Award as well as the Cristobal Gabarron Award. In 2008 Anne-Sophie Mutter was the recipient of the International Ernst von Siemens Music Prize as well as the Leipzig Mendelssohn Prize.<\/p>\n<p>The violinist has been awarded the German Grand Order of Merit, the French Medal of the Legion of Honour, the Bavarian Order of Merit, the Decoration of Honour for Services to the Republic of Austria, and numerous other honours.<\/p>\n<p>Last updated on January 29th, 2026<\/p>\n<p>[\/et_pb_text][\/et_pb_column][\/et_pb_row][\/et_pb_section]<\/p>\n","protected":false},"excerpt":{"rendered":"<p>BIOGRAPHYOVERVIEW2025\/2026 A biographical overview. Anne-Sophie Mutter is a musical phenomenon: for nearly five decades the virtuoso has now been a fixture in all the world\u2019s major concert halls, making her [&hellip;]<\/p>\n","protected":false},"author":2,"featured_media":0,"parent":0,"menu_order":0,"comment_status":"closed","ping_status":"closed","template":"","meta":{"_acf_changed":false,"_et_pb_use_builder":"on","_et_pb_old_content":"<p>[et_pb_section fb_built=\"1\" fullwidth=\"on\" _builder_version=\"4.27.4\" _module_preset=\"default\" global_colors_info=\"{}\"][et_pb_fullwidth_image src=\"https:\/\/www.anne-sophie-mutter.de\/wp-content\/uploads\/2025\/05\/Biografie_D_smal-2.jpg\" _builder_version=\"4.27.4\" _module_preset=\"default\" custom_margin=\"0px||0px||false|false\" custom_padding=\"0px||0px||false|false\" global_colors_info=\"{}\"][\/et_pb_fullwidth_image][\/et_pb_section][et_pb_section fb_built=\"1\" admin_label=\"Biografie\" _builder_version=\"4.27.4\" _module_preset=\"default\" background_image=\"https:\/\/www.anne-sophie-mutter.de\/wp-content\/uploads\/2025\/05\/farbflaeche_bio_3-3.jpg\" parallax=\"on\" custom_margin=\"100px||0px||false|false\" custom_padding=\"100px||100px||false|false\" locked=\"off\" global_colors_info=\"{}\"][et_pb_row _builder_version=\"4.27.4\" _module_preset=\"default\" custom_margin=\"0px||100px||false|false\" custom_padding=\"0px||0px||false|false\" global_colors_info=\"{}\"][et_pb_column type=\"4_4\" _builder_version=\"4.27.4\" _module_preset=\"default\" global_colors_info=\"{}\"][et_pb_text _builder_version=\"4.27.4\" _module_preset=\"default\" text_font=\"--et_global_body_font||||||||\" text_text_color=\"#ffffff\" text_font_size=\"60px\" text_line_height=\"0.7em\" header_text_color=\"#FFFFFF\" header_font_size=\"50px\" header_line_height=\"0.7em\" header_2_font=\"Open Sans|700|||||||\" header_2_text_color=\"#d86ca6\" header_2_font_size=\"30px\" background_color=\"#FFFFFF\" width=\"230px\" height=\"230px\" custom_margin=\"0px||0px|0px|false|false\" custom_padding=\"10px||0px|15px|false|false\" border_width_all=\"1px\" border_color_all=\"#c128a8\" global_colors_info=\"{}\"]<\/p><h2>BIOGRAFIE<br \/>\u00dcBERBLICK<\/h2><p>[\/et_pb_text][\/et_pb_column][\/et_pb_row][et_pb_row use_custom_gutter=\"on\" _builder_version=\"4.27.4\" _module_preset=\"default\" custom_margin=\"0px||40px||false|false\" custom_padding=\"0px|0px|0px|0px|false|false\" global_colors_info=\"{}\"][et_pb_column type=\"4_4\" _builder_version=\"4.27.4\" _module_preset=\"default\" background_color=\"#FFFFFF\" global_colors_info=\"{}\"][et_pb_text _builder_version=\"4.27.4\" _module_preset=\"default\" text_line_height=\"1.5em\" header_2_font=\"Open Sans|700|||||||\" header_2_text_color=\"#d86ca6\" header_5_font=\"Open Sans|600|||||||\" header_5_text_color=\"#005c8c\" header_5_font_size=\"18px\" background_color=\"RGBA(255,255,255,0)\" custom_margin=\"0px|0px|0px|0px|false|false\" custom_padding=\"10px|20px|10px|20px|false|false\" hover_enabled=\"0\" global_colors_info=\"{}\" sticky_enabled=\"0\" header_2_line_height=\"1.3em\"]<\/p><p><b>2025<\/b><\/p><h2>Ein biografischer \u00dcberblick.<\/h2><p><em><strong>Anne-Sophie Mutter ist ein musikalisches Ph\u00e4nomen: Seit knapp f\u00fcnf Jahrzehnten konzertiert die Virtuosin weltweit in allen bedeutenden Musikzentren und pr\u00e4gt die Klassikszene als Solistin, Mentorin und Vision\u00e4rin. Dabei ist die viermalige Grammy\u00ae Award Gewinnerin der Auff\u00fchrung traditioneller Kompositionen genauso verpflichtet wie der Zukunft der Musik.<\/strong><\/em><\/p><p>\u00a0<\/p><p>[\/et_pb_text][\/et_pb_column][\/et_pb_row][et_pb_row column_structure=\"1_2,1_2\" use_custom_gutter=\"on\" _builder_version=\"4.27.4\" _module_preset=\"default\" custom_margin=\"0px||0px||false|false\" custom_padding=\"0px||0px||false|false\" global_colors_info=\"{}\"][et_pb_column type=\"1_2\" _builder_version=\"4.27.4\" _module_preset=\"default\" background_color=\"#FFFFFF\" global_colors_info=\"{}\"][et_pb_text _builder_version=\"4.27.4\" _module_preset=\"default\" text_line_height=\"1.5em\" header_5_font=\"Open Sans|600|||||||\" header_5_text_color=\"#005c8c\" header_5_font_size=\"18px\" background_color=\"#FFFFFF\" custom_margin=\"0px|0px|0px|0px|false|false\" custom_padding=\"10px|20px|10px|20px|false|false\" global_colors_info=\"{}\"]<\/p><p>Sie hat bislang <a href=\"https:\/\/www.anne-sophie-mutter.de\/seite\/biographie\/urauffuehrungen-mutter\/\" target=\"_blank\" rel=\"noreferrer noopener\">32 Werke<\/a>\u00a0uraufgef\u00fchrt \u2013 Thomas Ad\u00e8s, Unsuk Chin, Sebastian Currier, Aftab Darvishi, Henri Dutilleux, Sofia Gubaidulina, Witold Lutoslawski, Norbert Moret, Krzysztof Penderecki, Sir Andr\u00e9 Previn, Wolfgang Rihm, J\u00f6rg Widmann und John Williams haben f\u00fcr Anne-Sophie Mutter komponiert.<\/p><p>Dar\u00fcber hinaus widmet sie sich der F\u00f6rderung musikalischen Spitzennachwuchses und zahlreichen Benefizprojekten. Seit Januar 2022 geh\u00f6rt sie dem Stiftungsrat von Lucerne Festival an. Im Herbst 1997 gr\u00fcndete sie den \u201eFreundeskreis Anne-Sophie Mutter Stiftung e.V.\u201c, dem 2008 die Anne-Sophie Mutter Stiftung zur Seite gestellt wurde. Im Rahmen dieser beiden gemeinn\u00fctzigen Institutionen werden die Stipendiaten nach ihren individuellen Bed\u00fcrfnissen unterst\u00fctzt.<\/p><p>Und seit 2011 teilt Anne-Sophie Mutter regelm\u00e4\u00dfig das Rampenlicht mit ihrem Solisten-Ensemble \u201eMutter\u2019s Virtuosi\u201c.<\/p><p>[\/et_pb_text][\/et_pb_column][et_pb_column type=\"1_2\" _builder_version=\"4.27.4\" _module_preset=\"default\" background_color=\"#FFFFFF\" global_colors_info=\"{}\"][et_pb_image src=\"https:\/\/www.anne-sophie-mutter.de\/wp-content\/uploads\/2025\/05\/asm_1_900x600.jpg\" alt=\"Anne-Sophie Mutter\" title_text=\"Anne-Sophie Mutter\" _builder_version=\"4.27.4\" _module_preset=\"default\" global_colors_info=\"{}\"][\/et_pb_image][\/et_pb_column][\/et_pb_row][\/et_pb_section][et_pb_section fb_built=\"1\" fullwidth=\"on\" _builder_version=\"4.27.4\" _module_preset=\"default\" background_color=\"RGBA(255,255,255,0)\" background_video_mp4=\"https:\/\/www.anne-sophie-mutter.de\/wp-content\/uploads\/2025\/05\/Biografie.mp4\" height=\"400px\" custom_margin=\"0px||0px||false|false\" custom_padding=\"0px||0px||false|false\" global_colors_info=\"{}\"][\/et_pb_section][et_pb_section fb_built=\"1\" admin_label=\"Biografie\" _builder_version=\"4.27.4\" _module_preset=\"default\" background_enable_image=\"off\" parallax=\"on\" custom_margin=\"100px||0px||false|false\" custom_padding=\"0px||0px||false|false\" locked=\"off\" global_colors_info=\"{}\"][et_pb_row column_structure=\"2_3,1_3\" use_custom_gutter=\"on\" _builder_version=\"4.27.4\" _module_preset=\"default\" custom_margin=\"0px||0px||false|false\" custom_padding=\"0px||0px||false|false\" global_colors_info=\"{}\"][et_pb_column type=\"2_3\" _builder_version=\"4.27.4\" _module_preset=\"default\" background_color=\"#FFFFFF\" global_colors_info=\"{}\"][et_pb_text _builder_version=\"4.27.4\" _module_preset=\"default\" text_line_height=\"1.5em\" header_2_font=\"Open Sans|700|||||||\" header_5_font=\"Open Sans|600|||||||\" header_5_text_color=\"#005c8c\" header_5_font_size=\"18px\" background_color=\"#FFFFFF\" custom_margin=\"0px|0px|0px|0px|false|false\" custom_padding=\"10px|20px|10px|20px|false|false\" global_colors_info=\"{}\"]<\/p><h3><strong>Konzerte 2025<\/strong><\/h3><p>2025 \u2013 das Jahr vor ihrem 50-j\u00e4hrigen Luzern B\u00fchnenjubil\u00e4um \u2013 spiegelt mit Auftritten in Europa und Nordamerika erneut die musikalische Vielseitigkeit der Violinistin und ihren beispiellosen Rang in der Welt der klassischen Musik wider. Mit zwei Urauff\u00fchrungen von Aftab Darvishi sowie Max Richter stellt Sie ihrem Publikum wiederum neues Repertoire vor.<\/p><p>Im April gastiert Mutter in den USA, wo sie mit dem Pianisten Lambert Orkis das 37. Jahr ihrer musikalischen Zusammenarbeit einl\u00e4utet. Auf dem Programm stehen Werke von Aftab Darvishi, Mozart, Respighi, Schubert und Clara Schumann: Darvishis neues Werk \u201eLikoo\u201c f\u00fcr Solovioline \u2013 von der Geigerin beauftragt und ihr gewidmet \u2013 erlebt seine Urauff\u00fchrung am 3. April in der Carnegie Hall und ist bei den anschlie\u00dfenden Konzerten Bestandteil des Rezital-Programms in diesem Jahr. Dies ist Mutters erste Urauff\u00fchrung eines Werkes einer iranischen Komponistin. In den kommenden Jahren wird Mutter weiteres Repertoire aus diesem Kulturkreis in ihr Programm aufnehmen.<\/p><p>Das Alban Berg Violinkonzert \u201eDem Andenken eines Engels\u201c f\u00fchrt Mutter \u2013 ebenfalls im April \u2013 an zwei Spielst\u00e4tten mit jeweils anderen musikalischen Partnern auf: In Sofia mit dem Sofia Philharmonic Orchestra und dem Dirigenten Michel Tabachnik und in Berlin mit der Staatskapelle Berlin unter der Leitung von Simone Young.<\/p><p>Im Anschluss daran konzertiert sie wieder in den USA, wo sie mit dem Pianisten Yefim Bronfman und dem Cellisten Pablo Ferr\u00e1ndez zwei Schwergewichte der Klaviertrio Literatur auf die B\u00fchne bringt: Beethovens \u201eErzherzogtrio\u201c sowie Tschaikowskis Meisterwerk in a-Moll, op. 50. Dieses Repertoire spielt Mutter auch in Europa \u2013 im Mai mit der Pianistin Lauma Skride und dem Cellisten Lionell Martin, einem Stipendiaten ihrer Stiftung, sowie im Oktober erneut mit Bronfman und Ferr\u00e1ndez.<\/p><p>Mit Ferr\u00e1ndez \u2013 ebenfalls Stipendiat der Anne-Sophie Mutter Stiftung \u2013 f\u00fchrt sie im Juni au\u00dferdem das Brahms Doppelkonzert auf: In Monaco mit dem Orchestre Philharmonique de Monte-Carlo unter der Leitung von Kazuki Yamada. Dieses Werk haben Ferr\u00e1ndez und Mutter 2022 eingespielt, Manfred Honeck dirigierte dabei die Czech Philharmonic.<\/p><p>Im Juli beginnt eine umfangreiche Europa-Tournee mit John Williams\u2019 Violinkonzert Nr. 2 sowie ausgew\u00e4hlten Filmthemen. Das Royal Philharmonic Orchestra begleitet Mutter dabei sowohl bei zahlreichen Open Air Konzerten wie auch in den Konzerts\u00e4len; die erste Tourneeh\u00e4lfte dirigiert die junge s\u00fcdamerikanische Dirigentin Lina Gonz\u00e1lez-Granado, danach kommt Vasily Petrenko ans Pult.<\/p><p>Thomas Ad\u00e8s\u2019 \u201eAir \u2013 Homage to Sibelius\u201c, die der Komponist der Geigerin gewidmet hat und die in Rum\u00e4nien sowie Frankreich erstmals zu h\u00f6ren sein wird, sowie Mozarts Violinkonzert Nr. 1 in B-Dur KV207 spielt Mutter im September: In Bukarest und Paris leitet Cristian Macelaru das Orchestre National de France.<\/p><p>Ihre weiteren Urauff\u00fchrungen des Jahres 2025 pr\u00e4sentiert Mutter bei der \u201eHommage an Johann Strauss\u201c am 25. Oktober im Wiener Musikverein \u2013 mit einem Werk von Max Richter f\u00fcr Violine und Orchester, einer Bearbeitung einer Strau\u00df-Komposition, sowie einem weiteren Werk.<\/p><p>Beim Benefizkonzert f\u00fcr das Mendelssohn-Haus im November spielt Mutter mit Elena Bashkirova sowie erneut Pablo Ferr\u00e1ndez \u2013 bei Musik von Felix Mendelssohn Bartholdy, Fanny Hensel, Clara und Robert Schumann.<\/p><p>Mit Beethovens Violinkonzert beschlie\u00dft Mutter ihr Konzertjahr 2025 in Kopenhagen und Aarhus \u2013 mit Fabio Luisi am Pult des Danish National Symphony Orchestra.<\/p><p>[\/et_pb_text][\/et_pb_column][et_pb_column type=\"1_3\" _builder_version=\"4.27.4\" _module_preset=\"default\" background_color=\"#FFFFFF\" global_colors_info=\"{}\"][et_pb_text _builder_version=\"4.27.4\" _module_preset=\"default\" header_3_font=\"Open Sans|700|||||||\" custom_margin=\"0px|0px|0px|0px|false|false\" custom_padding=\"10px|20px|10px|20px|false|false\" global_colors_info=\"{}\"]<\/p><h2>N\u00e4chstes Konzert<\/h2><p>[\/et_pb_text][decm_event_display module_css_class=\"calendar-front\" event_selection=\"all_event\" show_cdn_link=\"on\" show_virtual_event=\"on\" show_hybrid_event=\"on\" recurrence_number=\"1\" cutoff_ongoing_events=\"cut_start_date_reached\" show_feature_image=\"off\" show_date=\"off\" date_format=\"d M Y\" start_date_format=\"d M Y\" show_end_date=\"off\" details_time_label=\"Uhr\" time_format=\"H:i \" show_end_time=\"off\" show_location=\"on\" show_street=\"off\" show_street_comma=\"off\" show_location_state=\"off\" show_location_state_comma=\"off\" show_postal=\"off\" show_postal_comma=\"off\" show_country_comma=\"off\" show_postal_code_before_locality=\"off\" show_name=\"off\" show_price=\"off\" show_price_ticket=\"off\" show_rsvp_feed=\"off\" show_category=\"off\" hide_comma_cat=\"off\" show_tag=\"off\" show_weburl=\"off\" show_detail=\"off\" callout_month_format=\"M\" show_callout_year=\"on\" show_data_one_line=\"off\" event_count=\"1\" result_message=\"Aktuell keine bevorstehenden Veranstaltungen\" columns=\"1\" view_more_text=\"Konzertdetails\" whole_event_clickable=\"on\" website_link=\"custom_text\" custom_website_link_text=\"Konzertdetails\" admin_label=\"TEC - Konzertliste -3 Spaltig\" _builder_version=\"4.27.4\" _module_preset=\"default\" title_font=\"|600||on|||||\" title_text_color=\"#d974a6\" title_font_size=\"16px\" callout_date_text_color=\"#d974a6\" callout_month_font=\"||||||||\" callout_month_text_color=\"#d974a6\" callout_day_of_the_week_text_color=\"#d974a6\" callout_year_font=\"||||||||\" callout_year_text_color=\"#d974a6\" callout_time_text_color=\"#d974a6\" use_background_color=\"off\" border_width_all=\"1px\" border_color_all=\"#fefefe\" global_colors_info=\"{}\"][\/decm_event_display][et_pb_text _builder_version=\"4.27.4\" _module_preset=\"default\" header_3_font=\"Open Sans|700|||||||\" custom_margin=\"40px|0px|0px|0px|false|false\" custom_padding=\"10px|20px|10px|20px|false|false\" global_colors_info=\"{}\"]<\/p><h2>Neueste CD-Ver\u00f6ffentlichung<\/h2><p>[\/et_pb_text][et_pb_image src=\"https:\/\/www.anne-sophie-mutter.de\/wp-content\/uploads\/2025\/07\/2023_10_Cover_Virtuosi_Wien-2.jpg\" title_text=\"2023 Cover Virtuosi Wien\" _builder_version=\"4.27.4\" _module_preset=\"default\" global_colors_info=\"{}\"][\/et_pb_image][et_pb_text _builder_version=\"4.27.4\" _module_preset=\"default\" header_3_font=\"Open Sans|700|||||||\" custom_margin=\"40px|0px|0px|0px|false|false\" custom_padding=\"10px|20px|10px|20px|false|false\" global_colors_info=\"{}\"]<\/p><h2>Biografie als PDF-Download<\/h2><p>[\/et_pb_text][et_pb_text _builder_version=\"4.27.4\" _module_preset=\"default\" global_colors_info=\"{}\"]<\/p><div style=\"display: flex; align-items: center; gap: 10px; padding: 10px;\"><img style=\"width: 50px; height: auto;\" src=\"\/wp-content\/uploads\/2025\/05\/pdf.jpg\" alt=\"Download\" \/><br \/>Biografie Langfassung (PDF)<\/div><div style=\"display: flex; align-items: center; gap: 10px; padding: 10px;\"><img style=\"width: 50px; height: auto;\" src=\"\/wp-content\/uploads\/2025\/05\/pdf.jpg\" alt=\"Download\" \/><br \/>Biografie Kurzfassung (PDF)<\/div><p>[\/et_pb_text][\/et_pb_column][\/et_pb_row][\/et_pb_section][et_pb_section fb_built=\"1\" admin_label=\"Biografie\" _builder_version=\"4.27.4\" _module_preset=\"default\" background_color=\"#fbe8ff\" background_enable_image=\"off\" parallax=\"on\" custom_margin=\"100px||0px||false|false\" custom_padding=\"100px||100px||false|false\" locked=\"off\" global_colors_info=\"{}\"][et_pb_row column_structure=\"3_5,2_5\" use_custom_gutter=\"on\" make_equal=\"on\" _builder_version=\"4.27.4\" _module_preset=\"default\" custom_margin=\"0px||40px||false|false\" custom_padding=\"0px||0px||false|false\" global_colors_info=\"{}\"][et_pb_column type=\"3_5\" _builder_version=\"4.27.4\" _module_preset=\"default\" background_color=\"#FFFFFF\" global_colors_info=\"{}\"][et_pb_text _builder_version=\"4.27.4\" _module_preset=\"default\" text_line_height=\"1.5em\" header_2_font=\"Open Sans|700|||||||\" header_5_font=\"Open Sans|600|||||||\" header_5_text_color=\"#005c8c\" header_5_font_size=\"18px\" background_color=\"#FFFFFF\" custom_margin=\"0px|0px|0px|0px|false|false\" custom_padding=\"10px|20px|10px|20px|false|false\" global_colors_info=\"{}\"]<\/p><h3><strong>Benefizkonzerte<\/strong><\/h3><p>Wichtig ist f\u00fcr Anne-Sophie Mutter auch die Arbeit an medizinischen und sozialen Problemen unserer Zeit. Sie unterst\u00fctzt diese Anliegen durch regelm\u00e4\u00dfige Benefizkonzerte.<\/p><p>So spielte sie 2024 beispielsweise zugunsten der\u00a0<a href=\"https:\/\/www.krebshilfe.de\/\" target=\"_blank\" rel=\"noreferrer noopener\">Deutschen Krebshilfe<\/a>, die ihr 50-j\u00e4hriges Jubil\u00e4um feierte; in der Carnegie Hall f\u00fcr die Hilfsorganisation\u00a0<a href=\"https:\/\/www.directrelief.org\/\" target=\"_blank\" rel=\"noreferrer noopener\">Direct Relief<\/a>\u00a0zur Unterst\u00fctzung der Kinder und Jugend in der Ukraine; zudem f\u00fcr die\u00a0<a href=\"https:\/\/juedischekulturmuenchen.de\/\" target=\"_blank\" rel=\"noreferrer noopener\">Gesellschaft zur F\u00f6rderung J\u00fcdischer Kultur und Tradition e.V.\u00a0<\/a>in M\u00fcnchen sowie f\u00fcr die\u00a0<a href=\"https:\/\/www.graeb-stiftung.de\/home_kurzportraet.htm\" target=\"_blank\" rel=\"noreferrer noopener\">Hanna und Paul Gr\u00e4b-Stiftung<\/a>, die sich um behinderte Menschen k\u00fcmmert. 2025 gibt sie ein Benefizkonzert f\u00fcr das\u00a0<a href=\"https:\/\/www.mendelssohn-stiftung.de\/de\/\" target=\"_blank\" rel=\"noreferrer noopener\">Mendelssohn-Haus<\/a>\u00a0in Leipzig.<\/p><p>[\/et_pb_text][\/et_pb_column][et_pb_column type=\"2_5\" _builder_version=\"4.27.4\" _module_preset=\"default\" background_color=\"#FFFFFF\" global_colors_info=\"{}\"][et_pb_video src=\"https:\/\/www.youtube.com\/watch?v=qg_7lbsCKUc&t=4s\" _builder_version=\"4.27.4\" _module_preset=\"default\" global_colors_info=\"{}\"][\/et_pb_video][\/et_pb_column][\/et_pb_row][et_pb_row column_structure=\"2_5,3_5\" use_custom_gutter=\"on\" _builder_version=\"4.27.4\" _module_preset=\"default\" custom_margin=\"0px||0px||false|false\" custom_padding=\"0px||0px||false|false\" global_colors_info=\"{}\"][et_pb_column type=\"2_5\" _builder_version=\"4.27.4\" _module_preset=\"default\" background_color=\"#FFFFFF\" global_colors_info=\"{}\"][et_pb_image src=\"https:\/\/www.anne-sophie-mutter.de\/wp-content\/uploads\/2025\/05\/asm_kretschmer.jpg\" alt=\"Anne-Sophie Mutter & Winfried Kretschmann\" title_text=\"Anne-Sophie Mutter & Winfried Kretschmann\" _builder_version=\"4.27.4\" _module_preset=\"default\" global_colors_info=\"{}\"][\/et_pb_image][\/et_pb_column][et_pb_column type=\"3_5\" _builder_version=\"4.27.4\" _module_preset=\"default\" background_color=\"#FFFFFF\" global_colors_info=\"{}\"][et_pb_text _builder_version=\"4.27.4\" _module_preset=\"default\" text_line_height=\"1.5em\" header_2_font=\"Open Sans|700|||||||\" header_5_font=\"Open Sans|600|||||||\" header_5_text_color=\"#005c8c\" header_5_font_size=\"18px\" background_color=\"#FFFFFF\" custom_margin=\"0px|0px|0px|0px|false|false\" custom_padding=\"10px|20px|10px|20px|false|false\" global_colors_info=\"{}\"]<\/p><h3><strong>Auszeichnungen<\/strong><\/h3><p>Im Februar 2025 wurde Anne-Sophie Mutter vom Baden-W\u00fcrttembergischen Ministerpr\u00e4sidenten Winfried Kretschmann mit der Gro\u00dfen Staufermedaille in Gold ausgezeichnet. 2023 erhielt sie den Preis des Klavier-Festivals Ruhr und die Royal Philharmonic Society zeichnete die Violinistin mit der Goldmedaille aus.<\/p><p>Die Krzysztof-Penderecki-Musikakademie Krakau verlieh ihr 2022 die Ehrendoktorw\u00fcrde. 2019 wurde Mutter mit dem Praemium Imperiale in der Kategorie Musik ausgezeichnet; im Juni erhielt sie den Polar-Musikpreis. Polen verlieh ihr 2018 als erste deutsche K\u00fcnstlerin die Gloria-Artis-Medaille f\u00fcr kulturelle Verdienste in Gold. Im Februar 2018 wurde die Geigerin zum Ehrenmitglied der Accademia Nazionale di Santa Cecilia ernannt.<\/p><p>Rum\u00e4nien verlieh Mutter 2017 den Kulturverdienstorden im Rang eines Gro\u00dfoffiziers; im gleichen Jahr ehrte sie Frankreich mit der Verleihung der Insignien eines Kommandeurs im franz\u00f6sischen Orden der K\u00fcnste und der Literatur. 2016 zeichnete sie das spanische Ministerium f\u00fcr Bildung, Kultur und Sport mit der \u201eMedalla de oro al M\u00e9rito en las Bellas Artes\u201c aus.<\/p><p>2015 wurde Anne-Sophie Mutter zum Honorary Fellow des Keble College der University of Oxford ernannt. 2013 wurde sie ausl\u00e4ndisches Ehrenmitglied der American Academy of Arts & Sciences, nachdem sie im Januar mit dem Orden der Lutoslawski Gesellschaft (Warschau) ausgezeichnet worden war. 2012 verlieh ihr der Atlantic Council den Distinguished Artistic Leadership Award.<\/p><p>2011 erhielt sie den Brahms-Preis sowie f\u00fcr ihr soziales Engagement den Erich-Fromm-Preis und den Gustav-Adolf-Preis. 2010 verlieh ihr die Technisch-Naturwissenschaftliche Universit\u00e4t Norwegens in Trondheim die Ehrendoktorw\u00fcrde; 2009 wurde sie mit dem Europ\u00e4ischen St. Ullrichs Preis sowie dem Cristobal Gabarron Award ausgezeichnet. 2008 erhielt Anne-Sophie Mutter den internationalen Ernst von Siemens Musikpreis sowie den Leipziger Mendelssohn Preis.<\/p><p>Die Geigerin ist Tr\u00e4gerin des Gro\u00dfen Bundesverdienstkreuzes, des franz\u00f6sischen Ordens der Ehrenlegion, des Bayerischen Verdienstordens, des Gro\u00dfen \u00d6sterreichischen Ehrenzeichens sowie zahlreicher weiterer Auszeichnungen.<\/p><p><em>Aktualisierung 3. April 2025<\/em><\/p><p>\u00a0<\/p><p>[\/et_pb_text][\/et_pb_column][\/et_pb_row][\/et_pb_section]<\/p>","_et_gb_content_width":"","inline_featured_image":false,"footnotes":""},"class_list":["post-5442","page","type-page","status-publish","hentry"],"acf":[],"yoast_head":"<!-- This site is optimized with the Yoast SEO plugin v27.4 - https:\/\/yoast.com\/product\/yoast-seo-wordpress\/ -->\n<title>Anne-Sophie Mutter: Biographical Overview<\/title>\n<meta name=\"description\" content=\"Anne-Sophie Mutter Biography: World-renowned violinist, internationally active, shaping classical music as a soloist, teacher, and visionary \u2794 Overview.\" \/>\n<meta name=\"robots\" content=\"index, follow, max-snippet:-1, max-image-preview:large, max-video-preview:-1\" \/>\n<link rel=\"canonical\" href=\"https:\/\/www.anne-sophie-mutter.de\/en\/biographical-overview\/\" \/>\n<meta property=\"og:locale\" content=\"en_US\" \/>\n<meta property=\"og:type\" content=\"article\" \/>\n<meta property=\"og:title\" content=\"Anne-Sophie Mutter: Biographical Overview\" \/>\n<meta property=\"og:description\" content=\"Anne-Sophie Mutter Biography: World-renowned violinist, internationally active, shaping classical music as a soloist, teacher, and visionary \u2794 Overview.\" \/>\n<meta property=\"og:site_name\" content=\"Anne-Sophie Mutter - official website\" \/>\n<meta property=\"article:modified_time\" content=\"2026-03-27T20:25:29+00:00\" \/>\n<meta name=\"twitter:card\" content=\"summary_large_image\" \/>\n<meta name=\"twitter:label1\" content=\"Est. reading time\" \/>\n\t<meta name=\"twitter:data1\" content=\"14 minutes\" \/>\n<script type=\"application\/ld+json\" class=\"yoast-schema-graph\">{\"@context\":\"https:\\\/\\\/schema.org\",\"@graph\":[{\"@type\":\"WebPage\",\"@id\":\"https:\\\/\\\/www.anne-sophie-mutter.de\\\/en\\\/biographical-overview\\\/\",\"url\":\"https:\\\/\\\/www.anne-sophie-mutter.de\\\/en\\\/biographical-overview\\\/\",\"name\":\"Anne-Sophie Mutter: Biographical Overview\",\"isPartOf\":{\"@id\":\"https:\\\/\\\/www.anne-sophie-mutter.de\\\/en\\\/#website\"},\"datePublished\":\"2025-05-22T16:18:42+00:00\",\"dateModified\":\"2026-03-27T20:25:29+00:00\",\"description\":\"Anne-Sophie Mutter Biography: World-renowned violinist, internationally active, shaping classical music as a soloist, teacher, and visionary \u2794 Overview.\",\"breadcrumb\":{\"@id\":\"https:\\\/\\\/www.anne-sophie-mutter.de\\\/en\\\/biographical-overview\\\/#breadcrumb\"},\"inLanguage\":\"en-US\",\"potentialAction\":[{\"@type\":\"ReadAction\",\"target\":[\"https:\\\/\\\/www.anne-sophie-mutter.de\\\/en\\\/biographical-overview\\\/\"]}]},{\"@type\":\"BreadcrumbList\",\"@id\":\"https:\\\/\\\/www.anne-sophie-mutter.de\\\/en\\\/biographical-overview\\\/#breadcrumb\",\"itemListElement\":[{\"@type\":\"ListItem\",\"position\":1,\"name\":\"Startseite\",\"item\":\"https:\\\/\\\/www.anne-sophie-mutter.de\\\/en\\\/\"},{\"@type\":\"ListItem\",\"position\":2,\"name\":\"Biographical Overview\"}]},{\"@type\":\"WebSite\",\"@id\":\"https:\\\/\\\/www.anne-sophie-mutter.de\\\/en\\\/#website\",\"url\":\"https:\\\/\\\/www.anne-sophie-mutter.de\\\/en\\\/\",\"name\":\"Anne-Sophie Mutter - official website\",\"description\":\"\",\"potentialAction\":[{\"@type\":\"SearchAction\",\"target\":{\"@type\":\"EntryPoint\",\"urlTemplate\":\"https:\\\/\\\/www.anne-sophie-mutter.de\\\/en\\\/?s={search_term_string}\"},\"query-input\":{\"@type\":\"PropertyValueSpecification\",\"valueRequired\":true,\"valueName\":\"search_term_string\"}}],\"inLanguage\":\"en-US\"}]}<\/script>\n<!-- \/ Yoast SEO plugin. -->","yoast_head_json":{"title":"Anne-Sophie Mutter: Biographical Overview","description":"Anne-Sophie Mutter Biography: World-renowned violinist, internationally active, shaping classical music as a soloist, teacher, and visionary \u2794 Overview.","robots":{"index":"index","follow":"follow","max-snippet":"max-snippet:-1","max-image-preview":"max-image-preview:large","max-video-preview":"max-video-preview:-1"},"canonical":"https:\/\/www.anne-sophie-mutter.de\/en\/biographical-overview\/","og_locale":"en_US","og_type":"article","og_title":"Anne-Sophie Mutter: Biographical Overview","og_description":"Anne-Sophie Mutter Biography: World-renowned violinist, internationally active, shaping classical music as a soloist, teacher, and visionary \u2794 Overview.","og_site_name":"Anne-Sophie Mutter - official website","article_modified_time":"2026-03-27T20:25:29+00:00","twitter_card":"summary_large_image","twitter_misc":{"Est. reading time":"14 minutes"},"schema":{"@context":"https:\/\/schema.org","@graph":[{"@type":"WebPage","@id":"https:\/\/www.anne-sophie-mutter.de\/en\/biographical-overview\/","url":"https:\/\/www.anne-sophie-mutter.de\/en\/biographical-overview\/","name":"Anne-Sophie Mutter: Biographical Overview","isPartOf":{"@id":"https:\/\/www.anne-sophie-mutter.de\/en\/#website"},"datePublished":"2025-05-22T16:18:42+00:00","dateModified":"2026-03-27T20:25:29+00:00","description":"Anne-Sophie Mutter Biography: World-renowned violinist, internationally active, shaping classical music as a soloist, teacher, and visionary \u2794 Overview.","breadcrumb":{"@id":"https:\/\/www.anne-sophie-mutter.de\/en\/biographical-overview\/#breadcrumb"},"inLanguage":"en-US","potentialAction":[{"@type":"ReadAction","target":["https:\/\/www.anne-sophie-mutter.de\/en\/biographical-overview\/"]}]},{"@type":"BreadcrumbList","@id":"https:\/\/www.anne-sophie-mutter.de\/en\/biographical-overview\/#breadcrumb","itemListElement":[{"@type":"ListItem","position":1,"name":"Startseite","item":"https:\/\/www.anne-sophie-mutter.de\/en\/"},{"@type":"ListItem","position":2,"name":"Biographical Overview"}]},{"@type":"WebSite","@id":"https:\/\/www.anne-sophie-mutter.de\/en\/#website","url":"https:\/\/www.anne-sophie-mutter.de\/en\/","name":"Anne-Sophie Mutter - official website","description":"","potentialAction":[{"@type":"SearchAction","target":{"@type":"EntryPoint","urlTemplate":"https:\/\/www.anne-sophie-mutter.de\/en\/?s={search_term_string}"},"query-input":{"@type":"PropertyValueSpecification","valueRequired":true,"valueName":"search_term_string"}}],"inLanguage":"en-US"}]}},"_links":{"self":[{"href":"https:\/\/www.anne-sophie-mutter.de\/en\/wp-json\/wp\/v2\/pages\/5442","targetHints":{"allow":["GET"]}}],"collection":[{"href":"https:\/\/www.anne-sophie-mutter.de\/en\/wp-json\/wp\/v2\/pages"}],"about":[{"href":"https:\/\/www.anne-sophie-mutter.de\/en\/wp-json\/wp\/v2\/types\/page"}],"author":[{"embeddable":true,"href":"https:\/\/www.anne-sophie-mutter.de\/en\/wp-json\/wp\/v2\/users\/2"}],"replies":[{"embeddable":true,"href":"https:\/\/www.anne-sophie-mutter.de\/en\/wp-json\/wp\/v2\/comments?post=5442"}],"version-history":[{"count":35,"href":"https:\/\/www.anne-sophie-mutter.de\/en\/wp-json\/wp\/v2\/pages\/5442\/revisions"}],"predecessor-version":[{"id":11698,"href":"https:\/\/www.anne-sophie-mutter.de\/en\/wp-json\/wp\/v2\/pages\/5442\/revisions\/11698"}],"wp:attachment":[{"href":"https:\/\/www.anne-sophie-mutter.de\/en\/wp-json\/wp\/v2\/media?parent=5442"}],"curies":[{"name":"wp","href":"https:\/\/api.w.org\/{rel}","templated":true}]}}