{"id":5545,"date":"2025-06-04T20:27:02","date_gmt":"2025-06-04T18:27:02","guid":{"rendered":"https:\/\/www.anne-sophie-mutter.de\/?page_id=5545"},"modified":"2025-12-16T15:15:04","modified_gmt":"2025-12-16T14:15:04","slug":"world-premieres-overview","status":"publish","type":"page","link":"https:\/\/www.anne-sophie-mutter.de\/en\/world-premieres-overview\/","title":{"rendered":"World Premieres Overview"},"content":{"rendered":"<p>[et_pb_section fb_built=&#8221;1&#8243; fullwidth=&#8221;on&#8221; _builder_version=&#8221;4.27.4&#8243; _module_preset=&#8221;default&#8221; global_colors_info=&#8221;{}&#8221;][et_pb_fullwidth_image src=&#8221;https:\/\/www.anne-sophie-mutter.de\/wp-content\/uploads\/2025\/05\/Biografie_D_smal-2.jpg&#8221; title_text=&#8221;Biografie_ENG_mob&#8221; src_tablet=&#8221;https:\/\/www.anne-sophie-mutter.de\/wp-content\/uploads\/2025\/05\/Biografie_D_smal-2.jpg&#8221; src_phone=&#8221;https:\/\/www.anne-sophie-mutter.de\/wp-content\/uploads\/2025\/09\/Biografie_ENG_mob.jpg&#8221; src_last_edited=&#8221;on|phone&#8221; _builder_version=&#8221;4.27.4&#8243; _module_preset=&#8221;default&#8221; custom_margin=&#8221;0px||0px||false|false&#8221; custom_padding=&#8221;0px||0px||false|false&#8221; global_colors_info=&#8221;{}&#8221;][\/et_pb_fullwidth_image][\/et_pb_section][et_pb_section fb_built=&#8221;1&#8243; admin_label=&#8221;Biografie&#8221; _builder_version=&#8221;4.27.4&#8243; _module_preset=&#8221;default&#8221; background_image=&#8221;https:\/\/www.anne-sophie-mutter.de\/wp-content\/uploads\/2025\/08\/farbflache_worldpremierenes_1.jpg&#8221; parallax=&#8221;on&#8221; custom_margin=&#8221;100px||0px||false|false&#8221; custom_padding=&#8221;100px||100px||false|false&#8221; locked=&#8221;off&#8221; global_colors_info=&#8221;{}&#8221;][et_pb_row _builder_version=&#8221;4.27.4&#8243; _module_preset=&#8221;default&#8221; custom_margin=&#8221;0px||100px||false|false&#8221; custom_padding=&#8221;0px||0px||false|false&#8221; global_colors_info=&#8221;{}&#8221;][et_pb_column type=&#8221;4_4&#8243; _builder_version=&#8221;4.27.4&#8243; _module_preset=&#8221;default&#8221; global_colors_info=&#8221;{}&#8221;][et_pb_text _builder_version=&#8221;4.27.4&#8243; _module_preset=&#8221;default&#8221; text_font=&#8221;&#8211;et_global_body_font||||||||&#8221; text_text_color=&#8221;#ffffff&#8221; text_font_size=&#8221;60px&#8221; text_line_height=&#8221;0.7em&#8221; header_text_color=&#8221;#FFFFFF&#8221; header_font_size=&#8221;50px&#8221; header_line_height=&#8221;0.7em&#8221; header_2_font=&#8221;Open Sans|700|||||||&#8221; header_2_text_color=&#8221;#d86ca6&#8243; header_2_font_size=&#8221;30px&#8221; background_color=&#8221;#FFFFFF&#8221; width=&#8221;230px&#8221; height=&#8221;230px&#8221; custom_margin=&#8221;0px||0px|0px|false|false&#8221; custom_padding=&#8221;10px||0px|15px|false|false&#8221; border_width_all=&#8221;1px&#8221; border_color_all=&#8221;#c128a8&#8243; global_colors_info=&#8221;{}&#8221;]<\/p>\n<h2>WORLD<br \/>PREMIERES<br \/>OVERVIEW<\/h2>\n<p>[\/et_pb_text][\/et_pb_column][\/et_pb_row][et_pb_row use_custom_gutter=&#8221;on&#8221; _builder_version=&#8221;4.27.4&#8243; _module_preset=&#8221;default&#8221; custom_margin=&#8221;0px||40px||false|false&#8221; custom_padding=&#8221;0px|0px|0px|0px|false|false&#8221; global_colors_info=&#8221;{}&#8221;][et_pb_column type=&#8221;4_4&#8243; _builder_version=&#8221;4.27.4&#8243; _module_preset=&#8221;default&#8221; background_color=&#8221;#FFFFFF&#8221; global_colors_info=&#8221;{}&#8221;][et_pb_text _builder_version=&#8221;4.27.4&#8243; _module_preset=&#8221;default&#8221; text_line_height=&#8221;1.5em&#8221; header_2_font=&#8221;Open Sans|700|||||||&#8221; header_2_text_color=&#8221;#d86ca6&#8243; header_5_font=&#8221;Open Sans|600|||||||&#8221; header_5_text_color=&#8221;#005c8c&#8221; header_5_font_size=&#8221;18px&#8221; background_color=&#8221;RGBA(255,255,255,0)&#8221; custom_margin=&#8221;0px|0px|0px|0px|false|false&#8221; custom_padding=&#8221;10px|20px|10px|20px|false|false&#8221; global_colors_info=&#8221;{}&#8221;]<\/p>\n<p><strong>Contemporary Compositions for Violin<\/strong><\/p>\n<h2>Overview world premieres.<\/h2>\n<p><strong><em>The artist takes special pride in performing contemporary compositions for violin. Thomas Ad\u00e8s, Unsuk Chin, Sebastian Currier, Aftab Darvishi, Henri Dutilleux, Sofia Gubaidulina, Witold Lutoslawski, Norbert Moret, Krzysztof Penderecki, Sir Andr\u00e9 Previn, Wolfgang Rihm, J\u00f6rg Widmann and John Williams have all dedicated works to her.<\/em><\/strong><\/p>\n<p>&nbsp;<\/p>\n<p>[\/et_pb_text][\/et_pb_column][\/et_pb_row][et_pb_row column_structure=&#8221;1_2,1_2&#8243; use_custom_gutter=&#8221;on&#8221; _builder_version=&#8221;4.27.4&#8243; _module_preset=&#8221;default&#8221; custom_margin=&#8221;0px||0px||false|false&#8221; custom_padding=&#8221;0px||0px||false|false&#8221; global_colors_info=&#8221;{}&#8221;][et_pb_column type=&#8221;1_2&#8243; _builder_version=&#8221;4.27.4&#8243; _module_preset=&#8221;default&#8221; background_color=&#8221;#FFFFFF&#8221; global_colors_info=&#8221;{}&#8221;][et_pb_text _builder_version=&#8221;4.27.5&#8243; _module_preset=&#8221;default&#8221; text_line_height=&#8221;1.5em&#8221; header_5_font=&#8221;Open Sans|600|||||||&#8221; header_5_text_color=&#8221;#005c8c&#8221; header_5_font_size=&#8221;18px&#8221; background_color=&#8221;#FFFFFF&#8221; custom_margin=&#8221;0px|0px|0px|0px|false|false&#8221; custom_padding=&#8221;10px|20px|10px|20px|false|false&#8221; hover_enabled=&#8221;0&#8243; global_colors_info=&#8221;{}&#8221; sticky_enabled=&#8221;0&#8243;]<\/p>\n<p><strong>Max Richter: &#8220;Three Dances\u201c for solo violin and orchestra<\/strong><br \/>Vienna, 25.10.2025<br \/>(Commissioned by Anne-Sophie Mutter)<\/p>\n<p><strong><br \/>John Williams: \u201eWhen the World Was Waltzing\u201c for solo violin and orchestra<\/strong><br \/>Vienna, 25.10.2025<br \/>(Composed for Anne-Sophie Mutter and Manfred Honeck)<\/p>\n<p><strong><br \/>Aftab Darvishi: \u201eLikoo \u201c for solo violin<\/strong><br \/>New York, April 3, 2025<br \/>(Commissioned by Anne-Sophie Mutter; dedicated to Anne-Sophie Mutter)<\/p>\n<p><strong><br \/>Thomas Ad\u00e8s: \u201cAir \u2013 Homage to Sibelius\u201d<\/strong><br \/>Lucerne, August 27, 2022<br \/>Lucerne Festival Contemporary Orchestra (LFCO) under the direction of Thomas Ad\u00e8s<br \/>(Commissioned by Roche as part of \u201cRoche Commissions\u201d for Lucerne Festival. Co-commissioned by Anne-Sophie Mutter, Carnegie Hall and Boston Symphony Orchestra; dedicated to Anne-Sophie Mutter)<\/p>\n<p><strong><br \/>Unsuk Chin: \u201cGran Cadenza\u201d<\/strong><br \/>Regensburg, October 21, 2021<br \/>With Ye-Eun Choi (violin)<br \/>(Commissioned by Anne-Sophie Mutter; dedicated to Anne-Sophie Mutter)<\/p>\n<p>[\/et_pb_text][\/et_pb_column][et_pb_column type=&#8221;1_2&#8243; _builder_version=&#8221;4.27.4&#8243; _module_preset=&#8221;default&#8221; background_color=&#8221;RGBA(255,255,255,0)&#8221; global_colors_info=&#8221;{}&#8221;][et_pb_image src=&#8221;https:\/\/www.anne-sophie-mutter.de\/wp-content\/uploads\/2025\/05\/urauffuehrungen.jpg&#8221; title_text=&#8221;urauffuehrungen&#8221; _builder_version=&#8221;4.27.4&#8243; _module_preset=&#8221;default&#8221; global_colors_info=&#8221;{}&#8221;][\/et_pb_image][\/et_pb_column][\/et_pb_row][\/et_pb_section][et_pb_section fb_built=&#8221;1&#8243; fullwidth=&#8221;on&#8221; _builder_version=&#8221;4.27.4&#8243; _module_preset=&#8221;default&#8221; background_color=&#8221;RGBA(255,255,255,0)&#8221; background_image=&#8221;https:\/\/www.anne-sophie-mutter.de\/wp-content\/uploads\/2025\/06\/paralex_1.jpg&#8221; parallax=&#8221;on&#8221; background_enable_video_mp4=&#8221;off&#8221; height=&#8221;400px&#8221; custom_margin=&#8221;0px||0px||false|false&#8221; custom_padding=&#8221;0px||0px||false|false&#8221; global_colors_info=&#8221;{}&#8221;][\/et_pb_section][et_pb_section fb_built=&#8221;1&#8243; admin_label=&#8221;Biografie&#8221; _builder_version=&#8221;4.27.4&#8243; _module_preset=&#8221;default&#8221; background_color=&#8221;#FFFFFF&#8221; background_enable_image=&#8221;off&#8221; parallax=&#8221;on&#8221; custom_margin=&#8221;0px||0px||false|false&#8221; custom_padding=&#8221;50px||100px||false|false&#8221; locked=&#8221;off&#8221; global_colors_info=&#8221;{}&#8221;][et_pb_row column_structure=&#8221;1_2,1_2&#8243; use_custom_gutter=&#8221;on&#8221; _builder_version=&#8221;4.27.4&#8243; _module_preset=&#8221;default&#8221; custom_margin=&#8221;0px||0px||false|false&#8221; custom_padding=&#8221;0px||0px||false|false&#8221; global_colors_info=&#8221;{}&#8221;][et_pb_column type=&#8221;1_2&#8243; _builder_version=&#8221;4.27.4&#8243; _module_preset=&#8221;default&#8221; background_color=&#8221;#FFFFFF&#8221; global_colors_info=&#8221;{}&#8221;][et_pb_text _builder_version=&#8221;4.27.4&#8243; _module_preset=&#8221;default&#8221; text_line_height=&#8221;1.5em&#8221; header_5_font=&#8221;Open Sans|600|||||||&#8221; header_5_text_color=&#8221;#005c8c&#8221; header_5_font_size=&#8221;18px&#8221; background_color=&#8221;#FFFFFF&#8221; custom_margin=&#8221;0px|0px|0px|0px|false|false&#8221; custom_padding=&#8221;10px|20px|10px|20px|false|false&#8221; global_colors_info=&#8221;{}&#8221;]<\/p>\n<p><strong>John Williams: \u201cConcerto for Violin and Orchestra No. 2\u201d<\/strong><br \/>Tanglewood, July 24, 2021<br \/>Boston Symphony Orchestra under the direction of John Williams<br \/>(\u201cComposed especially for Anne-Sophie Mutter\u201d)<\/p>\n<p><strong><br \/>J\u00f6rg Widmann: \u201cStudy on Beethoven\u201d, String Quartet No. 6<\/strong><br \/>Tokyo, February 22nd, 2020<br \/>With Ye-Eun Choi (violin), Vladimir Babeshko (viola) and Daniel M\u00fcller-Schott (violoncello)<br \/>(Commissioned by Anne-Sophie Mutter; dedicated to Anne-Sophie Mutter)<\/p>\n<p><strong><br \/>Sebastian Currier: \u201cGhost Trio\u201d for violin, violoncello and piano<\/strong><br \/>New York, March 12th, 2019<br \/>With Daniel M\u00fcller-Schott (violoncello) and Lambert Orkis (piano)<br \/>(Commissioned by Anne-Sophie Mutter; dedicated to Anne-Sophie Mutter)<\/p>\n<p><strong><br \/>Andr\u00e9 Previn: \u201cThe Fifth Season\u201d, for violin and piano<\/strong><br \/>New York, March 4th, 2018<br \/>With Lambert Orkis, piano<br \/>(Commissioned by Carnegie Hall and Anne-Sophie Mutter; dedicated to Anne-Sophie Mutter)<\/p>\n<p><strong><br \/>John Williams: \u201cMarkings\u201d, for solo violin, strings and harp<\/strong><br \/>Lenox MA, July 16th, 2017<br \/>Boston Symphony Orchestra under the direction of Andris Nelsons<br \/>(Dedicated to Anne-Sophie Mutter)<\/p>\n<p>[\/et_pb_text][\/et_pb_column][et_pb_column type=&#8221;1_2&#8243; _builder_version=&#8221;4.27.4&#8243; _module_preset=&#8221;default&#8221; background_color=&#8221;#FFFFFF&#8221; global_colors_info=&#8221;{}&#8221;][et_pb_image src=&#8221;https:\/\/www.anne-sophie-mutter.de\/wp-content\/uploads\/2025\/05\/williams.jpg&#8221; title_text=&#8221;williams&#8221; _builder_version=&#8221;4.27.4&#8243; _module_preset=&#8221;default&#8221; global_colors_info=&#8221;{}&#8221;][\/et_pb_image][\/et_pb_column][\/et_pb_row][et_pb_row column_structure=&#8221;1_2,1_2&#8243; use_custom_gutter=&#8221;on&#8221; _builder_version=&#8221;4.27.4&#8243; _module_preset=&#8221;default&#8221; custom_margin=&#8221;20px||0px||false|false&#8221; custom_padding=&#8221;0px||42px||false|false&#8221; global_colors_info=&#8221;{}&#8221;][et_pb_column type=&#8221;1_2&#8243; _builder_version=&#8221;4.27.4&#8243; _module_preset=&#8221;default&#8221; background_color=&#8221;#FFFFFF&#8221; global_colors_info=&#8221;{}&#8221;][et_pb_image src=&#8221;https:\/\/www.anne-sophie-mutter.de\/wp-content\/uploads\/2025\/06\/joerg-widmann.jpg&#8221; title_text=&#8221;joerg-widmann&#8221; _builder_version=&#8221;4.27.4&#8243; _module_preset=&#8221;default&#8221; global_colors_info=&#8221;{}&#8221;][\/et_pb_image][et_pb_image src=&#8221;https:\/\/www.anne-sophie-mutter.de\/wp-content\/uploads\/2025\/06\/andre-previn.jpg&#8221; title_text=&#8221;andre-previn&#8221; _builder_version=&#8221;4.27.4&#8243; _module_preset=&#8221;default&#8221; global_colors_info=&#8221;{}&#8221;][\/et_pb_image][\/et_pb_column][et_pb_column type=&#8221;1_2&#8243; _builder_version=&#8221;4.27.4&#8243; _module_preset=&#8221;default&#8221; background_color=&#8221;#FFFFFF&#8221; global_colors_info=&#8221;{}&#8221;][et_pb_text _builder_version=&#8221;4.27.4&#8243; _module_preset=&#8221;default&#8221; text_line_height=&#8221;1.5em&#8221; header_5_font=&#8221;Open Sans|600|||||||&#8221; header_5_text_color=&#8221;#005c8c&#8221; header_5_font_size=&#8221;18px&#8221; background_color=&#8221;#FFFFFF&#8221; custom_margin=&#8221;0px|0px|0px|0px|false|false&#8221; custom_padding=&#8221;10px|20px|10px|20px|false|false&#8221; global_colors_info=&#8221;{}&#8221;]<\/p>\n<p><strong>Andr\u00e9 Previn: \u201cNonet for two string quartets and contrabass\u201d<\/strong><br \/>Edinburgh, August 26th, 2015<br \/>With Mutter`s Virtuosi<br \/>(Commissioned by Anne-Sophie Mutter for Mutter`s Virtuosi and dedicated to Anne-Sophie Mutter)<\/p>\n<p><strong><br \/>Andr\u00e9 Previn: \u201cSong \u2013 Orchestra Version\u201d (from \u201cTango Song and Dance\u201d)<\/strong><br \/>London, June 10th, 2015<br \/>London Symphony Orchestra unter the direction of Sir Andr\u00e9 Previn<br \/>(Dedicated to Anne-Sopie Mutter)<\/p>\n<p><strong><br \/>Krzysztof Penderecki: \u201cLa Follia\u201d (for Solo Violin)<\/strong><br \/>New York, December 14th, 2013<br \/>(Commissioned by Anne-Sophie Mutter and dedicated to her)<\/p>\n<p><strong><br \/>Andr\u00e9 Previn: \u201cViolin Sonata Nr. 2\u201d<\/strong><br \/>New York, December 14th, 2013<br \/>With Lambert Orkis, piano<br \/>(Commissioned by Anne-Sophie Mutter and dedicated to her)<\/p>\n<p><strong><br \/>Sebastian Currier: \u201cRingtone Variations\u201d<\/strong><br \/>Taipei, June 6th, 2013<br \/>With Roman Patkolo, Double Bass<br \/>(Commissioned by The Anne-Sophie Mutter Foundation; dedicated to Anne-Sophie Mutter)<\/p>\n<p><strong><br \/>Andr\u00e9 Previn: \u201cViolin Concerto no. 2 for Violin and String Orchestra with two Harpsichord Interludes\u201d\u2028<\/strong><br \/>Trondheim, September 23rd, 2012<br \/>Trondheim Soloists under the direction of Anne-Sophie Mutter<br \/>(Commissioned by the Trondheim Soloists and the Trondheim Chamber Music Festival, dedicated to Anne-Sophie Mutter)<\/p>\n<p><strong><br \/>Sebastian Currier: \u201cTime Machines\u201d<\/strong><br \/>New York, June 2nd, 2011<br \/>New York Philharmonic Orchestra under the direction of Alan Gilbert<br \/>(Commissioned by Anne-Sophie Mutter and dedicated to her)<\/p>\n<p><strong><br \/>Wolfgang Rihm: \u201cDyad for Violin and Double Bass\u201d<\/strong><br \/>New York, April 3rd, 2011<br \/>With Roman Patkolo, Double Bass<br \/>(Commissioned by The Anne-Sophie Mutter Foundation; dedicated to Anne-Sophie Mutter)<\/p>\n<p><strong><br \/>Krzysztof Penderecki: \u201cDuo concertante per violino e contrabbasso\u201d<\/strong><br \/>Hannover, March 9th, 2011<br \/>With Roman Patkolo, Double Bass<br \/>(Commissioned by The Anne-Sophie Mutter Foundation; dedicated to Anne-Sophie Mutter and Roman Patkol\u00f3)<\/p>\n<p><strong><br \/>Wolfgang Rihm: \u201cLichtes Spiel\u201d\u2028<\/strong><br \/>New York, November 18th, 2010<br \/>New York Philharmonic Orchestra under the direction of Michael Francis<br \/>(Commissioned by Anne-Sophie Mutter and dedicated to her)<\/p>\n<p><strong><br \/>Andr\u00e9 Previn: \u201cConcerto for Violin, Viola und Orchestra\u201d<\/strong><br \/>New York, April 26th, 2009<br \/>Orchestra of St. Luke&#8217;s under the direction of Sir Andr\u00e9 Previn<br \/>(Commissioned by Anne-Sophie Mutter and dedicated to her)<\/p>\n<p><strong><br \/>Andr\u00e9 Previn: \u201cTrio for Piano, Violin and Violoncello\u201d<\/strong><br \/>New York, April 22nd, 2009<br \/>With Sir Andr\u00e9 Previn (piano) and Lynn Harrell (violoncello)<br \/>(Dedicated to Anne-Sophie Mutter)<\/p>\n<p><strong><br \/>Sofia Gubaidulina: \u201cIn Tempus Praesens\u201d<\/strong><br \/>Lucerne, August 30th, 2007<br \/>Berlin Philharmonic Orchestra under the direction of Sir Simon Rattle<br \/>(Dedicated to Anne-Sophie Mutter)<\/p>\n<p><strong><br \/>Andr\u00e9 Previn: \u201cConcerto for Violin, Double Bass and Orchestra\u201d\u2028<\/strong><br \/>Boston, April 19th, 2007<br \/>Boston Symphony Orchestra under the direction of Sir Andr\u00e9 Previn<br \/>Roman Patkol\u00f3, double bass<br \/>(Commissioned by The Anne-Sophie Mutter Foundation; dedicated to Anne-Sophie Mutter)<\/p>\n<p><strong><br \/>Andr\u00e9 Previn: \u201cViolin Concerto Anne-Sophie\u201d\u2028<\/strong><br \/>Boston, March 14th, 2002<br \/>Boston Symphony Orchestra under the direction of Sir Andr\u00e9 Previn<br \/>(Dedicated to Anne-Sophie Mutter)<\/p>\n<p><strong><br \/>Henri Dutilleux: \u201cSur le m\u00eame accord\u201d<\/strong><br \/>London, April 28th, 2002<br \/>London Philharmonic Orchestra under the direction of Kurt Masur<br \/>(Dedicated to Anne-Sophie Mutter)<\/p>\n<p><strong><br \/>Andr\u00e9 Previn: \u201cTango, Song &amp; Dance\u201d<\/strong><br \/>Lucerne, August 26th, 2001<br \/>With Sir Andr\u00e9 Previn, Klavier<br \/>(Commissioned by Carnegie Hall and Anne-Sophie Mutter; dedicated to Anne-Sophie Mutter)<\/p>\n<p><strong><br \/>Krzysztof Penderecki: \u201cSonata per violino e pianoforte Nr. 2\u201d<\/strong><br \/>London, April 29th, 2000<br \/>With Lambert Orkis, piano<br \/>(Commissioned by Anne-Sophie Mutter and dedicated to her)<\/p>\n<p><strong><br \/>Krzysztof Penderecki: \u201cViolin Concerto No. 2, Metamorphoses\u201d<\/strong><br \/>Leipzig, June 24th, 1995<br \/>MDR Sinfonieorchester under the direction of Mariss Jansons<br \/>(Dedicated to Anne-Sophie Mutter)<\/p>\n<p><strong><br \/>Sebastian Currier: \u201cAftersong&#8221;\u201d<\/strong><br \/>Schleswig-Holstein Music Festival, August 1994<br \/>With Lambert Orkis, piano<br \/>(Commissioned by Anne-Sophie Mutter and dedicated to her)<\/p>\n<p><strong><br \/>Wolfgang Rihm: \u201cGesungene Zeit\u201d<\/strong><br \/>Zurich, June 13th, 1992<br \/>Collegium musicum under the direction of Paul Sacher<br \/>(Dedicated to Anne-Sophie Mutter)<\/p>\n<p><strong><br \/>Witold Lutoslawski: \u201cPartita\u201d (Orchestra Version)<\/strong><br \/>Munich, January 10th, 1990<br \/>M\u00fcnchner Philharmoniker under the direction of Witold Lutoslawski<br \/>(Commissioned by Anne-Sophie Mutter and dedicated to her)<\/p>\n<p><strong><br \/>Norbert Moret: \u201cEn r\u00eave\u201d<\/strong><br \/>Locarno, September 9th, 1988<br \/>Orchestra della Radio-Televisione Svizzera Italiana under the direction of Marc Andreae<br \/>(Dedicated to Anne-Sophie Mutter)<\/p>\n<p><strong><br \/>Witold Lutoslawski: \u201cChain II\u201d<\/strong><br \/>Zurich, January 31st, 1986<br \/>Collegium musicum under the direction of Paul Sacher<br \/>(Dedicated to Paul Sacher)<\/p>\n<p>[\/et_pb_text][\/et_pb_column][\/et_pb_row][\/et_pb_section]<\/p>\n","protected":false},"excerpt":{"rendered":"<p>WORLDPREMIERESOVERVIEWContemporary Compositions for Violin Overview world premieres. The artist takes special pride in performing contemporary compositions for violin. Thomas Ad\u00e8s, Unsuk Chin, Sebastian Currier, Aftab Darvishi, Henri Dutilleux, Sofia Gubaidulina, [&hellip;]<\/p>\n","protected":false},"author":2,"featured_media":0,"parent":0,"menu_order":0,"comment_status":"closed","ping_status":"closed","template":"","meta":{"_acf_changed":false,"_et_pb_use_builder":"on","_et_pb_old_content":"<p>[et_pb_section fb_built=\"1\" fullwidth=\"on\" _builder_version=\"4.27.4\" _module_preset=\"default\" global_colors_info=\"{}\"][et_pb_fullwidth_image src=\"https:\/\/www.anne-sophie-mutter.de\/wp-content\/uploads\/2025\/05\/Biografie_D_smal-2.jpg\" title_text=\"Biografie_D_smal\" _builder_version=\"4.27.4\" _module_preset=\"default\" custom_margin=\"0px||0px||false|false\" custom_padding=\"0px||0px||false|false\" global_colors_info=\"{}\"][\/et_pb_fullwidth_image][\/et_pb_section][et_pb_section fb_built=\"1\" admin_label=\"Biografie\" _builder_version=\"4.27.4\" _module_preset=\"default\" background_image=\"https:\/\/www.anne-sophie-mutter.de\/wp-content\/uploads\/2025\/06\/farbflaeche_urauffuehrungen_1.jpg\" parallax=\"on\" custom_margin=\"100px||0px||false|false\" custom_padding=\"100px||100px||false|false\" locked=\"off\" global_colors_info=\"{}\"][et_pb_row _builder_version=\"4.27.4\" _module_preset=\"default\" custom_margin=\"0px||100px||false|false\" custom_padding=\"0px||0px||false|false\" global_colors_info=\"{}\"][et_pb_column type=\"4_4\" _builder_version=\"4.27.4\" _module_preset=\"default\" global_colors_info=\"{}\"][et_pb_text _builder_version=\"4.27.4\" _module_preset=\"default\" text_font=\"--et_global_body_font||||||||\" text_text_color=\"#ffffff\" text_font_size=\"60px\" text_line_height=\"0.7em\" header_text_color=\"#FFFFFF\" header_font_size=\"50px\" header_line_height=\"0.7em\" header_2_font=\"Open Sans|700|||||||\" header_2_text_color=\"#d86ca6\" header_2_font_size=\"30px\" background_color=\"#FFFFFF\" width=\"230px\" height=\"230px\" custom_margin=\"0px||0px|0px|false|false\" custom_padding=\"10px||0px|15px|false|false\" border_width_all=\"1px\" border_color_all=\"#c128a8\" global_colors_info=\"{}\"]<\/p><h2>URAUF-<br \/>F\u00dcHRUNGEN<br \/><span style=\"color: #666666;\">\u00dcBERBLICK<\/span><\/h2><p>[\/et_pb_text][\/et_pb_column][\/et_pb_row][et_pb_row use_custom_gutter=\"on\" _builder_version=\"4.27.4\" _module_preset=\"default\" custom_margin=\"0px||40px||false|false\" custom_padding=\"0px|0px|0px|0px|false|false\" global_colors_info=\"{}\"][et_pb_column type=\"4_4\" _builder_version=\"4.27.4\" _module_preset=\"default\" background_color=\"#FFFFFF\" global_colors_info=\"{}\"][et_pb_text _builder_version=\"4.27.4\" _module_preset=\"default\" text_line_height=\"1.5em\" header_2_font=\"Open Sans|700|||||||\" header_2_text_color=\"#d86ca6\" header_5_font=\"Open Sans|600|||||||\" header_5_text_color=\"#005c8c\" header_5_font_size=\"18px\" background_color=\"RGBA(255,255,255,0)\" custom_margin=\"0px|0px|0px|0px|false|false\" custom_padding=\"10px|20px|10px|20px|false|false\" global_colors_info=\"{}\"]<\/p><p><strong>Zeitgen\u00f6ssische Violinliteratur<\/strong><\/p><h2>Alle Urauff\u00fchrungen im \u00dcberblick.<\/h2><p><strong><em>E<\/em><em><strong>in b<\/strong>esonderes Interesse der K\u00fcnstlerin gilt der zeitgen\u00f6ssischen Violinliteratur. Thomas Ad\u00e8s, Unsuk Chin, Sebastian Currier, Aftab Darvishi, Henri Dutilleux, Sofia Gubaidulina, Witold Lutoslawski, Norbert Moret, Krzysztof Penderecki, Sir Andr\u00e9 Previn, Wolfgang Rihm, J\u00f6rg Widmann und John Williams haben ihr Werke gewidmet.<\/em><\/strong><\/p><p>\u00a0<\/p><p>[\/et_pb_text][\/et_pb_column][\/et_pb_row][et_pb_row column_structure=\"1_2,1_2\" use_custom_gutter=\"on\" _builder_version=\"4.27.4\" _module_preset=\"default\" custom_margin=\"0px||0px||false|false\" custom_padding=\"0px||0px||false|false\" global_colors_info=\"{}\"][et_pb_column type=\"1_2\" _builder_version=\"4.27.4\" _module_preset=\"default\" background_color=\"#FFFFFF\" global_colors_info=\"{}\"][et_pb_text _builder_version=\"4.27.4\" _module_preset=\"default\" text_line_height=\"1.5em\" header_5_font=\"Open Sans|600|||||||\" header_5_text_color=\"#005c8c\" header_5_font_size=\"18px\" background_color=\"#FFFFFF\" custom_margin=\"0px|0px|0px|0px|false|false\" custom_padding=\"10px|20px|10px|20px|false|false\" global_colors_info=\"{}\"]<\/p><p class=\"p1\"><span class=\"s1\"><b>Aftab Darvishi: \u201eLikoo \u201c f\u00fcr Solovioline<\/b><\/span><\/p><p class=\"p2\"><span class=\"s1\">New York, 03.04.2025<br \/>(Auftragskomposition f\u00fcr Anne-Sophie Mutter; Anne-Sophie Mutter gewidmet)<\/span><\/p><p class=\"p2\">\u00a0<\/p><p class=\"p2\">\u00a0<\/p><p class=\"p1\"><span class=\"s1\"><b>Thomas Ad\u00e8s: \u201eAir \u2013 Homage to Sibelius\u201c<\/b><\/span><\/p><p class=\"p2\"><span class=\"s1\">Luzern, 27.08.2022<br \/>Lucerne Festival Contemporary Orchestra (LFCO) unter der Leitung von Thomas Ad\u00e8s<br \/>(Beauftragt von Roche als Teil der \u201eRoche Commissions\" f\u00fcr Lucerne Festival. Co-Auftraggeber: Anne-Sophie Mutter, Carnegie Hall und Boston Symphony Orchestra; Anne-Sophie Mutter gewidmet)<\/span><\/p><p class=\"p2\">\u00a0<\/p><p class=\"p2\">\u00a0<\/p><p class=\"p1\"><span class=\"s1\"><b>Unsuk Chin: \u201eGran Cadenza\u201c<\/b><\/span><\/p><p class=\"p2\"><span class=\"s1\">Regensburg, 21.10.2021<br \/>Mit Ye-Eun Choi (Violine)<br \/>(Auftragskomposition f\u00fcr Anne-Sophie Mutter)<\/span><\/p><p class=\"p2\">\u00a0<\/p><p>[\/et_pb_text][\/et_pb_column][et_pb_column type=\"1_2\" _builder_version=\"4.27.4\" _module_preset=\"default\" background_color=\"#FFFFFF\" global_colors_info=\"{}\"][et_pb_image src=\"https:\/\/www.anne-sophie-mutter.de\/wp-content\/uploads\/2025\/05\/urauffuehrungen.jpg\" title_text=\"urauffuehrungen\" _builder_version=\"4.27.4\" _module_preset=\"default\" global_colors_info=\"{}\"][\/et_pb_image][\/et_pb_column][\/et_pb_row][\/et_pb_section][et_pb_section fb_built=\"1\" fullwidth=\"on\" _builder_version=\"4.27.4\" _module_preset=\"default\" background_color=\"RGBA(255,255,255,0)\" background_image=\"https:\/\/www.anne-sophie-mutter.de\/wp-content\/uploads\/2025\/06\/paralex_1.jpg\" parallax=\"on\" background_enable_video_mp4=\"off\" height=\"400px\" custom_margin=\"0px||0px||false|false\" custom_padding=\"0px||0px||false|false\" global_colors_info=\"{}\"][\/et_pb_section][et_pb_section fb_built=\"1\" admin_label=\"Biografie\" _builder_version=\"4.27.4\" _module_preset=\"default\" background_color=\"#FFFFFF\" background_enable_image=\"off\" parallax=\"on\" custom_margin=\"0px||0px||false|false\" custom_padding=\"50px||100px||false|false\" locked=\"off\" global_colors_info=\"{}\"][et_pb_row column_structure=\"1_2,1_2\" use_custom_gutter=\"on\" _builder_version=\"4.27.4\" _module_preset=\"default\" custom_margin=\"0px||0px||false|false\" custom_padding=\"0px||0px||false|false\" global_colors_info=\"{}\"][et_pb_column type=\"1_2\" _builder_version=\"4.27.4\" _module_preset=\"default\" background_color=\"#FFFFFF\" global_colors_info=\"{}\"][et_pb_text _builder_version=\"4.27.4\" _module_preset=\"default\" text_line_height=\"1.5em\" header_5_font=\"Open Sans|600|||||||\" header_5_text_color=\"#005c8c\" header_5_font_size=\"18px\" background_color=\"#FFFFFF\" custom_margin=\"0px|0px|0px|0px|false|false\" custom_padding=\"10px|20px|10px|20px|false|false\" global_colors_info=\"{}\"]<\/p><p class=\"p1\"><b style=\"font-size: 14px;\">John Williams: \u201eKonzert f\u00fcr Violine und Orchester Nr. 2\u201c<\/b><\/p><p class=\"p3\"><span class=\"s1\">Tanglewood, 24.07.2021<br \/>Boston Symphony Orchestra unter der Leitung von John Williams<br \/>(\u201eComposed especially for Anne-Sophie Mutter\u201c)<\/span><\/p><p class=\"p3\">\u00a0<\/p><p class=\"p3\">\u00a0<\/p><p class=\"p2\"><span class=\"s1\"><b>J\u00f6rg Widmann: \u201eStudie \u00fcber Beethoven\u201c (6. Streichquartett)<\/b><\/span><\/p><p class=\"p3\"><span class=\"s1\">Tokio, 22.02.2020<br \/>Mit Ye-Eun Choi (Violine), Vladimir Babeshko (Viola) und Daniel M\u00fcller-Schott (Violoncello)<br \/>(Auftragskomposition f\u00fcr Anne-Sophie Mutter; Anne-Sophie Mutter gewidmet)<\/span><\/p><p class=\"p3\">\u00a0<\/p><p class=\"p1\"><span class=\"s1\"><b>Sebastian Currier: \u201eGhost Trio\u201c f\u00fcr Violine, Violoncello und Klavier<\/b><\/span><\/p><p class=\"p2\"><span class=\"s1\">New York, 12.03.2019<br \/>Mit Daniel M\u00fcller-Schott (Violoncello) und Lambert Orkis (Klavier)<br \/>(Auftragskomposition f\u00fcr Anne-Sophie Mutter; Anne-Sophie Mutter gewidmet)<\/span><\/p><p class=\"p2\">\u00a0<\/p><p class=\"p2\">\u00a0<\/p><p class=\"p1\"><span class=\"s1\"><b>Andr\u00e9 Previn: \u201eThe Fifth Season\u201c f\u00fcr Violine und Klavier<\/b><\/span><\/p><p class=\"p2\"><span class=\"s1\">New York, 04.03.2018<br \/>Mit Lambert Orkis, Klavier<br \/>(Auftragskomposition f\u00fcr Anne-Sophie Mutter und Carnegie Hall New York; Anne-Sophie Mutter gewidmet)<\/span><\/p><p class=\"p2\">\u00a0<\/p><p class=\"p2\">\u00a0<\/p><p class=\"p1\"><span class=\"s1\"><b>John Williams: \u201eMarkings\u201c f\u00fcr Solovioline, Streicher und Harfe<\/b><\/span><\/p><p class=\"p2\"><span class=\"s1\">Lenox MA, 16.07.2017<br \/>Boston Symphony Orchestra unter der Leitung von Andris Nelsons<br \/>(Anne-Sophie Mutter gewidmet)<\/span><\/p><p class=\"p2\">\u00a0<\/p><p>[\/et_pb_text][\/et_pb_column][et_pb_column type=\"1_2\" _builder_version=\"4.27.4\" _module_preset=\"default\" background_color=\"#FFFFFF\" global_colors_info=\"{}\"][et_pb_image src=\"https:\/\/www.anne-sophie-mutter.de\/wp-content\/uploads\/2025\/05\/williams.jpg\" title_text=\"williams\" _builder_version=\"4.27.4\" _module_preset=\"default\" global_colors_info=\"{}\"][\/et_pb_image][\/et_pb_column][\/et_pb_row][et_pb_row column_structure=\"1_2,1_2\" use_custom_gutter=\"on\" _builder_version=\"4.27.4\" _module_preset=\"default\" custom_margin=\"20px||0px||false|false\" custom_padding=\"0px||42px||false|false\" global_colors_info=\"{}\"][et_pb_column type=\"1_2\" _builder_version=\"4.27.4\" _module_preset=\"default\" background_color=\"#FFFFFF\" global_colors_info=\"{}\"][et_pb_image src=\"https:\/\/www.anne-sophie-mutter.de\/wp-content\/uploads\/2025\/06\/joerg-widmann.jpg\" title_text=\"joerg-widmann\" _builder_version=\"4.27.4\" _module_preset=\"default\" global_colors_info=\"{}\"][\/et_pb_image][et_pb_image src=\"https:\/\/www.anne-sophie-mutter.de\/wp-content\/uploads\/2025\/06\/andre-previn.jpg\" title_text=\"andre-previn\" _builder_version=\"4.27.4\" _module_preset=\"default\" global_colors_info=\"{}\"][\/et_pb_image][\/et_pb_column][et_pb_column type=\"1_2\" _builder_version=\"4.27.4\" _module_preset=\"default\" background_color=\"#FFFFFF\" global_colors_info=\"{}\"][et_pb_text _builder_version=\"4.27.4\" _module_preset=\"default\" text_line_height=\"1.5em\" header_5_font=\"Open Sans|600|||||||\" header_5_text_color=\"#005c8c\" header_5_font_size=\"18px\" background_color=\"#FFFFFF\" custom_margin=\"0px|0px|0px|0px|false|false\" custom_padding=\"10px|20px|10px|20px|false|false\" global_colors_info=\"{}\"]<\/p><p class=\"p1\"><span class=\"s1\"><b>Andr\u00e9 Previn: \u201eNonett f\u00fcr zwei Streichquartette und Kontrabass\u201c<\/b><\/span><\/p><p class=\"p2\"><span class=\"s1\">Edinburgh, 26.08.2015<br \/>Mit Mutter\u2019s Virtuosi<br \/>(Auftragskomposition f\u00fcr Anne-Sophie Mutter f\u00fcr Mutter\u2019s Virtuosi, Anne-Sophie Mutter gewidmet)<\/span><\/p><p class=\"p2\">\u00a0<\/p><p class=\"p2\">\u00a0<\/p><p class=\"p1\"><span class=\"s1\"><b>Andr\u00e9 Previn: \u201eSong \u2013 Orchestrierte Version\u201c (aus \u201eTango Song and Dance\u201c)<\/b><\/span><\/p><p class=\"p2\"><span class=\"s1\">London, 10.06.2015<br \/>London Symphony Orchestra unter der Leitung von Sir Andr\u00e9 Previn<br \/>(Anne-Sophie Mutter gewidmet)<\/span><\/p><p class=\"p2\">\u00a0<\/p><p class=\"p2\">\u00a0<\/p><p class=\"p1\"><span class=\"s1\"><b>Krzysztof Penderecki: \u201eLa Follia\u201c (f\u00fcr Solovioline)<\/b><\/span><\/p><p class=\"p2\"><span class=\"s1\">New York, 14.12.2013<br \/>(Auftragskomposition f\u00fcr Anne-Sophie Mutter; ihr gewidmet)<\/span><\/p><p class=\"p2\">\u00a0<\/p><p class=\"p2\">\u00a0<\/p><p class=\"p1\"><span class=\"s1\"><b>Andr\u00e9 Previn: \u201eViolinsonate Nr. 2\u201c<\/b><\/span><\/p><p class=\"p2\"><span class=\"s1\">New York, 14.12.2013<br \/>Mit Lambert Orkis, Piano<br \/>(Auftragskomposition f\u00fcr Anne-Sophie Mutter; ihr gewidmet)<\/span><\/p><p class=\"p2\">\u00a0<\/p><p class=\"p2\">\u00a0<\/p><p class=\"p1\"><span class=\"s1\"><b>Sebastian Currier: \u201eRingtone Variations\u201c<\/b><\/span><\/p><p class=\"p2\"><span class=\"s1\">Taipeh, 06.06.2013<br \/>Mit Roman Patkol\u00f3, Kontrabass<br \/>(Auftragskomposition f\u00fcr die Anne-Sophie Mutter Stiftung; Anne-Sophie Mutter gewidmet)<\/span><\/p><p class=\"p2\">\u00a0<\/p><p class=\"p2\">\u00a0<\/p><p class=\"p1\"><span class=\"s1\"><b>Andr\u00e9 Previn: \u201eViolinkonzert Nr. 2 f\u00fcr Violine und Streichorchester mit zwei Cembalo Interludes\u201c<\/b><\/span><\/p><p class=\"p2\"><span class=\"s1\">Trondheim, 23.09.2012<br \/>Trondheim Soloists unter der Leitung von Anne-Sophie Mutter<br \/>(Auftragskomposition f\u00fcr die Trondheim Soloists und das Trondheim Kammermusikfestival, Anne-Sophie Mutter gewidmet)<\/span><\/p><p class=\"p2\">\u00a0<\/p><p class=\"p2\">\u00a0<\/p><p class=\"p1\"><span class=\"s1\"><b>Sebastian Currier: \u201eTime Machines\u201c<br \/><\/b><\/span><\/p><p class=\"p2\"><span class=\"s1\">New York, 02.06.2011<br \/>New York Philharmonic Orchestra unter der Leitung von Alan Gilbert<br \/>(Auftragskomposition f\u00fcr Anne-Sophie Mutter; ihr gewidmet)<\/span><\/p><p class=\"p2\">\u00a0<\/p><p class=\"p2\">\u00a0<\/p><p class=\"p1\"><span class=\"s1\"><b>Wolfgang Rihm: \u201eDyade f\u00fcr Violine und Kontrabass\u201c<br \/><\/b><\/span><\/p><p class=\"p2\"><span class=\"s1\">New York, 03.04.2011<br \/>Mit Roman Patkol\u00f3, Kontrabass<br \/>(Auftragskomposition f\u00fcr die Anne-Sophie Mutter Stiftung; Anne-Sophie Mutter gewidmet)<\/span><\/p><p class=\"p2\">\u00a0<\/p><p class=\"p2\">\u00a0<\/p><p class=\"p1\"><span class=\"s1\"><b>Krzysztof Penderecki: \u201eDuo concertante per violino e contrabbasso\u201c<\/b><\/span><\/p><p class=\"p2\"><span class=\"s1\">Hannover, 09.03. 2011<br \/>Mit Roman Patkol\u00f3, Kontrabass<br \/>(Auftragskomposition f\u00fcr die Anne-Sophie Mutter Stiftung; Anne-Sophie Mutter und Roman Patkol\u00f3 gewidmet)<\/span><\/p><p class=\"p2\">\u00a0<\/p><p class=\"p2\">\u00a0<\/p><p class=\"p1\"><span class=\"s1\"><b>Wolfgang Rihm: \u201eLichtes Spiel\u201c<br \/><\/b><\/span><\/p><p class=\"p2\"><span class=\"s1\">New York, 18.11.2010<br \/>New York Philharmonic Orchestra unter der Leitung von Michael Francis<br \/>(Auftragskomposition f\u00fcr Anne-Sophie Mutter; ihr gewidmet)<\/span><\/p><p class=\"p2\">\u00a0<\/p><p class=\"p2\">\u00a0<\/p><p class=\"p1\"><span class=\"s1\"><b>Andr\u00e9 Previn: \u201eKonzert f\u00fcr Violine, Viola und Orchester\u201c<br \/><\/b><\/span><\/p><p class=\"p2\"><span class=\"s1\">New York, 26.04.2009<br \/>Orchestra of St. Luke's unter der Leitung von Sir Andr\u00e9 Previn<br \/>(Auftragskomposition f\u00fcr Anne-Sophie Mutter; ihr gewidmet)<\/span><\/p><p class=\"p2\">\u00a0<\/p><p class=\"p2\">\u00a0<\/p><p class=\"p1\"><span class=\"s1\"><b>Andr\u00e9 Previn: \u201eTrio f\u00fcr Piano, Violine und Cello\u201c<\/b><\/span><\/p><p class=\"p2\"><span class=\"s1\">New York, 22.04.2009<\/span><\/p><p>Mit Sir Andr\u00e9 Previn (Piano) und Lynn Harrell (Violoncello)<br \/>(Anne-Sophie Mutter gewidmet)<\/p><p class=\"p2\">\u00a0<\/p><p class=\"p2\">\u00a0<\/p><p class=\"p1\"><span class=\"s1\"><b>Sofia Gubaidulina: \u201eIn Tempus Praesens\u201c<br \/><\/b><\/span><\/p><p class=\"p2\"><span class=\"s1\">Luzern, 30.08.2007<br \/>Berliner Philharmoniker unter der Leitung von Sir Simon Rattle<br \/>(Anne-Sophie Mutter gewidmet)<\/span><\/p><p class=\"p2\">\u00a0<\/p><p class=\"p2\">\u00a0<\/p><p class=\"p1\"><span class=\"s1\"><b>Andr\u00e9 Previn: \u201eDoppelkonzert f\u00fcr Violine, Kontrabass und Orchester\u201c<\/b><\/span><\/p><p class=\"p2\"><span class=\"s1\">Boston, 19.04.2007<br \/>Boston Symphony Orchestra unter der Leitung von Andr\u00e9 Previn<br \/>Roman Patkol\u00f3, Kontrabass<br \/>(Auftragskomposition f\u00fcr die Anne-Sophie Mutter Stiftung; Anne-Sophie Mutter gewidmet)<\/span><\/p><p class=\"p2\">\u00a0<\/p><p class=\"p2\">\u00a0<\/p><p class=\"p1\"><span class=\"s1\"><b>Andr\u00e9 Previn: \u201eViolinkonzert Anne-Sophie\u201c<br \/><\/b><\/span><\/p><p class=\"p2\"><span class=\"s1\">Boston, 14.03.2002<br \/>Boston Symphony Orchestra unter der Leitung von Sir Andr\u00e9 Previn<br \/>(Anne-Sophie Mutter gewidmet)<\/span><\/p><p class=\"p2\">\u00a0<\/p><p class=\"p2\">\u00a0<\/p><p class=\"p1\"><span class=\"s1\"><b>Henri Dutilleux: \u201eSur le m\u00eame accord\u201c<br \/><\/b><\/span><\/p><p class=\"p2\"><span class=\"s1\">London, 28.04.2002<br \/>London Philharmonic Orchestra unter der Leitung von Kurt Masur<br \/>(Anne-Sophie Mutter gewidmet)<\/span><\/p><p class=\"p2\">\u00a0<\/p><p class=\"p2\">\u00a0<\/p><p class=\"p1\"><span class=\"s1\"><b>Andr\u00e9 Previn: \u201eTango, Song & Dance\u201c<\/b><\/span><\/p><p class=\"p2\"><span class=\"s1\">Luzern, 26.08.2001<br \/>Mit Sir Andr\u00e9 Previn, Klavier<br \/>(Auftragskomposition f\u00fcr Anne-Sophie Mutter und Carnegie Hall New York; Anne-Sophie Mutter gewidmet)<\/span><\/p><p class=\"p2\">\u00a0<\/p><p class=\"p2\">\u00a0<\/p><p class=\"p1\"><span class=\"s1\"><b>Krzysztof Penderecki: Sonata per violino e pianoforte Nr. 2<\/b><\/span><\/p><p class=\"p2\"><span class=\"s1\">London, 29.04.2000<br \/>Mit Lambert Orkis, Klavier<br \/>(Auftragskomposition f\u00fcr Anne-Sophie Mutter; ihr gewidmet)<\/span><\/p><p class=\"p2\">\u00a0<\/p><p class=\"p2\">\u00a0<\/p><p class=\"p1\"><span class=\"s1\"><b>Krzysztof Penderecki: \u201eViolinkonzert Nr. 2, Metamorphosen\u201c<\/b><\/span><\/p><p class=\"p2\"><span class=\"s1\">Leipzig, 24.06.1995<br \/>Sinfonieorchester des Mitteldeutschen Rundfunks unter der Leitung von Mariss Jansons<br \/>(Anne-Sophie Mutter gewidmet)<\/span><\/p><p class=\"p2\">\u00a0<\/p><p class=\"p2\">\u00a0<\/p><p class=\"p1\"><span class=\"s1\"><b>Sebastian Currier: \u201eAftersong\u201c<br \/><\/b><\/span><\/p><p class=\"p2\"><span class=\"s1\">Schleswig-Holstein Musik Festival, August 1994<\/span><\/p><p>Mit Lambert Orkis, Klavier<br \/>(Auftragskomposition f\u00fcr Anne-Sophie Mutter; ihr gewidmet)<\/p><p class=\"p2\">\u00a0<\/p><p class=\"p2\">\u00a0<\/p><p class=\"p1\"><span class=\"s1\"><b>Wolfgang Rihm: \u201eGesungene Zeit\u201c<br \/><\/b><\/span><\/p><p class=\"p2\"><span class=\"s1\">Z\u00fcrich, 13.06.1992<br \/>Collegium musicum unter der Leitung von Paul Sacher<br \/>(Anne-Sophie Mutter gewidmet)<\/span><\/p><p class=\"p2\">\u00a0<\/p><p class=\"p2\">\u00a0<\/p><p class=\"p1\"><span class=\"s1\"><b>Witold Lutoslawski: \u201ePartita\u201c (Orchesterversion)<\/b><\/span><\/p><p class=\"p2\"><span class=\"s1\">M\u00fcnchen, 10.01.1990<br \/>M\u00fcnchner Philharmoniker unter der Leitung von Witold Lutoslawski<br \/>(Auftragskomposition f\u00fcr Anne-Sophie Mutter; ihr gewidmet)<\/span><\/p><p class=\"p2\">\u00a0<\/p><p class=\"p2\">\u00a0<\/p><p class=\"p1\"><span class=\"s1\"><b>Norbert Moret: \u201eEn r\u00eave\u201c<\/b><\/span><\/p><p class=\"p2\"><span class=\"s1\">Locarno, 09.09.1988<br \/>Orchestra della Radio-Televisione Svizzera Italiana unter der Leitung von Marc Andreas<br \/>(Anne-Sophie Mutter gewidmet)<\/span><\/p><p class=\"p2\">\u00a0<\/p><p class=\"p2\">\u00a0<\/p><p class=\"p1\"><span class=\"s1\"><b>Witold Lutoslawski: \u201eChain II\u201c<br \/><\/b><\/span><\/p><p class=\"p3\"><span class=\"s1\">Z\u00fcrich, 31.01.1986<br \/>Collegium musicum unter der Leitung von Paul Sacher<br \/>(Paul Sacher gewidmet)<\/span><\/p><p class=\"p2\">\u00a0<\/p><p>[\/et_pb_text][\/et_pb_column][\/et_pb_row][\/et_pb_section]<\/p>","_et_gb_content_width":"","inline_featured_image":false,"footnotes":""},"class_list":["post-5545","page","type-page","status-publish","hentry"],"acf":[],"yoast_head":"<!-- This site is optimized with the Yoast SEO plugin v27.4 - https:\/\/yoast.com\/product\/yoast-seo-wordpress\/ -->\n<title>Anne-Sophie Mutter: World Premieres &amp; Contemporary Works<\/title>\n<meta name=\"description\" content=\"Anne-Sophie Mutter promotes contemporary violin literature; numerous composers, including Ad\u00e8s, Chin, Penderecki, and Williams, have dedicated works to her.\" \/>\n<meta name=\"robots\" content=\"index, follow, max-snippet:-1, max-image-preview:large, max-video-preview:-1\" \/>\n<link rel=\"canonical\" href=\"https:\/\/www.anne-sophie-mutter.de\/en\/world-premieres-overview\/\" \/>\n<meta property=\"og:locale\" content=\"en_US\" \/>\n<meta property=\"og:type\" content=\"article\" \/>\n<meta property=\"og:title\" content=\"Anne-Sophie Mutter: World Premieres &amp; Contemporary Works\" \/>\n<meta property=\"og:description\" content=\"Anne-Sophie Mutter promotes contemporary violin literature; numerous composers, including Ad\u00e8s, Chin, Penderecki, and Williams, have dedicated works to her.\" \/>\n<meta property=\"og:site_name\" content=\"Anne-Sophie Mutter - official website\" \/>\n<meta property=\"article:modified_time\" content=\"2025-12-16T14:15:04+00:00\" \/>\n<meta name=\"twitter:card\" content=\"summary_large_image\" \/>\n<meta name=\"twitter:label1\" content=\"Est. reading time\" \/>\n\t<meta name=\"twitter:data1\" content=\"7 minutes\" \/>\n<script type=\"application\/ld+json\" class=\"yoast-schema-graph\">{\"@context\":\"https:\\\/\\\/schema.org\",\"@graph\":[{\"@type\":\"WebPage\",\"@id\":\"https:\\\/\\\/www.anne-sophie-mutter.de\\\/en\\\/world-premieres-overview\\\/\",\"url\":\"https:\\\/\\\/www.anne-sophie-mutter.de\\\/en\\\/world-premieres-overview\\\/\",\"name\":\"Anne-Sophie Mutter: World Premieres & Contemporary Works\",\"isPartOf\":{\"@id\":\"https:\\\/\\\/www.anne-sophie-mutter.de\\\/en\\\/#website\"},\"datePublished\":\"2025-06-04T18:27:02+00:00\",\"dateModified\":\"2025-12-16T14:15:04+00:00\",\"description\":\"Anne-Sophie Mutter promotes contemporary violin literature; numerous composers, including Ad\u00e8s, Chin, Penderecki, and Williams, have dedicated works to her.\",\"breadcrumb\":{\"@id\":\"https:\\\/\\\/www.anne-sophie-mutter.de\\\/en\\\/world-premieres-overview\\\/#breadcrumb\"},\"inLanguage\":\"en-US\",\"potentialAction\":[{\"@type\":\"ReadAction\",\"target\":[\"https:\\\/\\\/www.anne-sophie-mutter.de\\\/en\\\/world-premieres-overview\\\/\"]}]},{\"@type\":\"BreadcrumbList\",\"@id\":\"https:\\\/\\\/www.anne-sophie-mutter.de\\\/en\\\/world-premieres-overview\\\/#breadcrumb\",\"itemListElement\":[{\"@type\":\"ListItem\",\"position\":1,\"name\":\"Startseite\",\"item\":\"https:\\\/\\\/www.anne-sophie-mutter.de\\\/en\\\/\"},{\"@type\":\"ListItem\",\"position\":2,\"name\":\"World Premieres Overview\"}]},{\"@type\":\"WebSite\",\"@id\":\"https:\\\/\\\/www.anne-sophie-mutter.de\\\/en\\\/#website\",\"url\":\"https:\\\/\\\/www.anne-sophie-mutter.de\\\/en\\\/\",\"name\":\"Anne-Sophie Mutter - official website\",\"description\":\"\",\"potentialAction\":[{\"@type\":\"SearchAction\",\"target\":{\"@type\":\"EntryPoint\",\"urlTemplate\":\"https:\\\/\\\/www.anne-sophie-mutter.de\\\/en\\\/?s={search_term_string}\"},\"query-input\":{\"@type\":\"PropertyValueSpecification\",\"valueRequired\":true,\"valueName\":\"search_term_string\"}}],\"inLanguage\":\"en-US\"}]}<\/script>\n<!-- \/ Yoast SEO plugin. -->","yoast_head_json":{"title":"Anne-Sophie Mutter: World Premieres & Contemporary Works","description":"Anne-Sophie Mutter promotes contemporary violin literature; numerous composers, including Ad\u00e8s, Chin, Penderecki, and Williams, have dedicated works to her.","robots":{"index":"index","follow":"follow","max-snippet":"max-snippet:-1","max-image-preview":"max-image-preview:large","max-video-preview":"max-video-preview:-1"},"canonical":"https:\/\/www.anne-sophie-mutter.de\/en\/world-premieres-overview\/","og_locale":"en_US","og_type":"article","og_title":"Anne-Sophie Mutter: World Premieres & Contemporary Works","og_description":"Anne-Sophie Mutter promotes contemporary violin literature; numerous composers, including Ad\u00e8s, Chin, Penderecki, and Williams, have dedicated works to her.","og_site_name":"Anne-Sophie Mutter - official website","article_modified_time":"2025-12-16T14:15:04+00:00","twitter_card":"summary_large_image","twitter_misc":{"Est. reading time":"7 minutes"},"schema":{"@context":"https:\/\/schema.org","@graph":[{"@type":"WebPage","@id":"https:\/\/www.anne-sophie-mutter.de\/en\/world-premieres-overview\/","url":"https:\/\/www.anne-sophie-mutter.de\/en\/world-premieres-overview\/","name":"Anne-Sophie Mutter: World Premieres & Contemporary Works","isPartOf":{"@id":"https:\/\/www.anne-sophie-mutter.de\/en\/#website"},"datePublished":"2025-06-04T18:27:02+00:00","dateModified":"2025-12-16T14:15:04+00:00","description":"Anne-Sophie Mutter promotes contemporary violin literature; numerous composers, including Ad\u00e8s, Chin, Penderecki, and Williams, have dedicated works to her.","breadcrumb":{"@id":"https:\/\/www.anne-sophie-mutter.de\/en\/world-premieres-overview\/#breadcrumb"},"inLanguage":"en-US","potentialAction":[{"@type":"ReadAction","target":["https:\/\/www.anne-sophie-mutter.de\/en\/world-premieres-overview\/"]}]},{"@type":"BreadcrumbList","@id":"https:\/\/www.anne-sophie-mutter.de\/en\/world-premieres-overview\/#breadcrumb","itemListElement":[{"@type":"ListItem","position":1,"name":"Startseite","item":"https:\/\/www.anne-sophie-mutter.de\/en\/"},{"@type":"ListItem","position":2,"name":"World Premieres Overview"}]},{"@type":"WebSite","@id":"https:\/\/www.anne-sophie-mutter.de\/en\/#website","url":"https:\/\/www.anne-sophie-mutter.de\/en\/","name":"Anne-Sophie Mutter - official website","description":"","potentialAction":[{"@type":"SearchAction","target":{"@type":"EntryPoint","urlTemplate":"https:\/\/www.anne-sophie-mutter.de\/en\/?s={search_term_string}"},"query-input":{"@type":"PropertyValueSpecification","valueRequired":true,"valueName":"search_term_string"}}],"inLanguage":"en-US"}]}},"_links":{"self":[{"href":"https:\/\/www.anne-sophie-mutter.de\/en\/wp-json\/wp\/v2\/pages\/5545","targetHints":{"allow":["GET"]}}],"collection":[{"href":"https:\/\/www.anne-sophie-mutter.de\/en\/wp-json\/wp\/v2\/pages"}],"about":[{"href":"https:\/\/www.anne-sophie-mutter.de\/en\/wp-json\/wp\/v2\/types\/page"}],"author":[{"embeddable":true,"href":"https:\/\/www.anne-sophie-mutter.de\/en\/wp-json\/wp\/v2\/users\/2"}],"replies":[{"embeddable":true,"href":"https:\/\/www.anne-sophie-mutter.de\/en\/wp-json\/wp\/v2\/comments?post=5545"}],"version-history":[{"count":13,"href":"https:\/\/www.anne-sophie-mutter.de\/en\/wp-json\/wp\/v2\/pages\/5545\/revisions"}],"predecessor-version":[{"id":11102,"href":"https:\/\/www.anne-sophie-mutter.de\/en\/wp-json\/wp\/v2\/pages\/5545\/revisions\/11102"}],"wp:attachment":[{"href":"https:\/\/www.anne-sophie-mutter.de\/en\/wp-json\/wp\/v2\/media?parent=5545"}],"curies":[{"name":"wp","href":"https:\/\/api.w.org\/{rel}","templated":true}]}}